{"id":7679,"date":"2023-05-04T15:14:05","date_gmt":"2023-05-04T13:14:05","guid":{"rendered":"https:\/\/calendulapharma.com\/?page_id=7679"},"modified":"2026-02-11T11:00:59","modified_gmt":"2026-02-11T10:00:59","slug":"altalanos-szerzodesi-feltetelek","status":"publish","type":"page","link":"https:\/\/calendulapharma.com\/sk\/altalanos-szerzodesi-feltetelek\/","title":{"rendered":"\u00c1ltal\u00e1nos szerz\u0151d\u00e9si felt\u00e9telek"},"content":{"rendered":"\t\t<div data-elementor-type=\"wp-page\" data-elementor-id=\"7679\" class=\"elementor elementor-7679\" data-elementor-post-type=\"page\">\n\t\t\t\t<div class=\"elementor-element elementor-element-181be109 e-flex e-con-boxed e-con e-parent\" data-id=\"181be109\" data-element_type=\"container\" data-e-type=\"container\">\n\t\t\t\t\t<div class=\"e-con-inner\">\n\t\t\t\t<div class=\"elementor-element elementor-element-6457acbc elementor-widget elementor-widget-text-editor\" data-id=\"6457acbc\" data-element_type=\"widget\" data-e-type=\"widget\" data-widget_type=\"text-editor.default\">\n\t\t\t\t\t\t\t\t\t<h1>\u00c1ltal\u00e1nos Szerz\u0151d\u00e9si Felt\u00e9telek<\/h1><p>\u00a0<\/p><p>CALENDULAPHARMA.COM<\/p><p>Jelen \u00c1SZF hat\u00e1lya a <a href=\"https:\/\/calendulapharma.com\">https:\/\/calendulapharma.com<\/a> weboldalra \u00e9s jogviszonyaira terjed ki, s ugyanitt folyamatosan el\u00e9rhet\u0151.<\/p><p>K\u00e9rj\u00fck, hogy megrendel\u00e9se v\u00e9gleges\u00edt\u00e9se el\u0151tt figyelmesen olvassa el a jelen dokumentumot, mert megrendel\u00e9se v\u00e9gleges\u00edt\u00e9s\u00e9vel \u00d6n elfogadja a jelen \u00c1SZF tartalm\u00e1t!<\/p><p>Ha a jelen \u00c1ltal\u00e1nos Szerz\u0151d\u00e9si Felt\u00e9telekkel, a honlap haszn\u00e1lat\u00e1val, az egyes term\u00e9kekkel, a v\u00e1s\u00e1rl\u00e1s menet\u00e9vel kapcsolatban k\u00e9rd\u00e9se mer\u00fclt fel, vagy amennyiben egyedi ig\u00e9ny\u00e9t szeretn\u00e9 vel\u00fcnk megbesz\u00e9lni, \u00fagy k\u00e9rj\u00fck, vegye fel munkat\u00e1rsunkkal a kapcsolatot a megadott el\u00e9rhet\u0151s\u00e9geken!<\/p><p>Jelen dokumentum nem min\u0151s\u00fcl \u00edr\u00e1sbeli szerz\u0151d\u00e9snek, magyar nyelven \u00edr\u00f3dik, magatart\u00e1si k\u00f3dexre nem utal.<\/p><ol><li><strong>T\u00e1rsas\u00e1g adatai<\/strong><\/li><li><strong>Fogalmak<\/strong><\/li><li><strong>\u00c1szf hat\u00e1lya \u00e9s elfogad\u00e1sa<\/strong><\/li><li><strong>Alapvet\u0151 rendelkez\u00e9sek<\/strong><\/li><li><strong>Megv\u00e1s\u00e1rolhat\u00f3 term\u00e9kek, szolg\u00e1ltat\u00e1sok k\u00f6re, kos\u00e1r \u00f6ssze\u00e1ll\u00edt\u00e1sa<\/strong><\/li><li><strong>A szerz\u0151d\u00e9s t\u00e1rgy\u00e1nak l\u00e9nyeges tulajdons\u00e1gai, \u00e1ra<\/strong><\/li><li><strong>Regisztr\u00e1ci\u00f3<\/strong><\/li><li><strong>A megrendel\u00e9s lead\u00e1sa, \u00e1tv\u00e9tel \u00e9s sz\u00e1ll\u00edt\u00e1s<\/strong><\/li><li><strong>Az online \u00e9rt\u00e9kes\u00edt\u00e9sre vonatkoz\u00f3 speci\u00e1lis rendelkez\u00e9sek<\/strong><\/li><li><strong>Rendel\u00e9sek teljes\u00edt\u00e9se<\/strong><\/li><li><strong>El\u00e1ll\u00e1s joga<\/strong><\/li><li><strong>Jogfenntart\u00e1s, tulajdonjogi kik\u00f6t\u00e9s<\/strong><\/li><li><strong>Vegyes rendelkez\u00e9sek<\/strong><\/li><li><strong>Panaszkezel\u00e9s rendje<\/strong><\/li><li><strong>Szerz\u0151i jogok<\/strong><\/li><li><strong>Adatv\u00e9delem<\/strong><\/li><li><strong>Vonatkoz\u00f3 jogszab\u00e1lyok<\/strong><\/li><\/ol><h2>\u00a0<\/h2><h2>1. T\u00e1rsas\u00e1g adatai<\/h2><p>A T\u00e1rsas\u00e1g neve: <em>Calendula Pharma Co. Kft.<\/em><br \/>A T\u00e1rsas\u00e1g sz\u00e9khelye, levelez\u00e9si c\u00edme: <em>8653 \u00c1d\u00e1nd, Dar\u00e1zsi u. 3.<\/em><br \/>A T\u00e1rsas\u00e1g el\u00e9rhet\u0151s\u00e9ge, az ig\u00e9nybe vev\u0151kkel val\u00f3 kapcsolattart\u00e1sra szolg\u00e1l\u00f3, rendszeresen haszn\u00e1lt elektronikus levelez\u00e9si c\u00edme: <em>contact@calendulapharma.com<\/em><br \/>C\u00e9gjegyz\u00e9ksz\u00e1ma:\u00a0<em>14-09-310918<\/em><br \/>Ad\u00f3sz\u00e1ma:\u00a0<em>23048081-2-14<\/em><br \/>Banksz\u00e1mlasz\u00e1m:\u00a0<em>Erste Bank 11600006-00000000-45602845<\/em><br \/>SWIFT k\u00f3d:\u00a0<em>GIBAHUHB<\/em><br \/>Adatv\u00e9delmi nyilv\u00e1ntart\u00e1si sz\u00e1ma: <em>folyamatban\u2026<\/em><\/p><p><strong>A t\u00e1rhelyszolg\u00e1ltat\u00f3 adatai:<\/strong> <em>PaprikaSoft Kft.<\/em><br \/>Sz\u00e9khely, levelez\u00e9si c\u00edm: <em>8600 Si\u00f3fok, Aradi v\u00e9rtan\u00fak \u00fatja 36.<\/em><br \/>Email:\u00a0<a href=\"mailto:office@paprikasoft.com\"><em>office@paprikasoft.com<\/em><\/a><br \/>Telefon: <em>+36 20 414 0284<\/em><\/p><h2>\u00a0<\/h2><h2>2. Fogalmak<\/h2><p><u>Felek:<\/u>\u00a0Elad\u00f3 (=\u00dczemeltet\u0151\/T\u00e1rsas\u00e1g) \u00e9s Vev\u0151 (=Megrendel\u0151\/Fogyaszt\u00f3) egy\u00fcttesen<\/p><p><u>Fogyaszt\u00f3:<\/u>\u00a0a szakm\u00e1ja, \u00f6n\u00e1ll\u00f3 foglalkoz\u00e1sa vagy \u00fczleti tev\u00e9kenys\u00e9ge k\u00f6r\u00e9n k\u00edv\u00fcl elj\u00e1r\u00f3 term\u00e9szetes szem\u00e9ly<\/p><p><u>Fogyaszt\u00f3i szerz\u0151d\u00e9s:<\/u>\u00a0olyan szerz\u0151d\u00e9s, melynek egyik alanya fogyaszt\u00f3nak min\u0151s\u00fcl<\/p><p><u>Honlap:<\/u> a jelen weboldal, amely a szerz\u0151d\u00e9s megk\u00f6t\u00e9s\u00e9re szolg\u00e1l<\/p><p><u>\u00dczemeltet\u0151:<\/u>\u00a0aki a\u00a0<a href=\"https:\/\/calendulapharma.com\">www.calendulapharma.com<\/a> elektronikus fel\u00fcleten a saj\u00e1t term\u00e9keit elad\u00e1sra k\u00edn\u00e1lja;<\/p><p><u>www.calendulapharma.com<\/u>:\u00a0az \u00dczemeltet\u0151 \u00e1ltal fenntartott honlap;<\/p><p><u>Tartalom:<\/u>\u00a0(i) minden olyan adat \u00e9s\/vagy inform\u00e1ci\u00f3 (bele\u00e9rtve k\u00e9p, \u00e1bra, log\u00f3, grafikai elem, vide\u00f3, f\u00e1jl, sz\u00f6veg, diz\u00e1jn), amely a Weboldalon l\u00e1that\u00f3 \u00e9s hozz\u00e1f\u00e9rhet\u0151; (ii) minden olyan e-mail \u00e9s\/vagy egy\u00e9b \u00fczenet \u00e1ltal tartalmazott adat \u00e9s\/vagy inform\u00e1ci\u00f3, amelyet az \u00dczemeltet\u0151 a V\u00e1s\u00e1rl\u00f3nak elektronikus kommunik\u00e1ci\u00f3s eszk\u00f6z\u00f6n kereszt\u00fcl k\u00fcld; (iii) az \u00dczemeltet\u0151vel partneri kapcsolatban \u00e1ll\u00f3 harmadik f\u00e9lre, valamint az \u00e1ltala ny\u00fajtott szolg\u00e1ltat\u00e1sra (k\u00fcl\u00f6n\u00f6sen, de nem kiz\u00e1r\u00f3lagosan: fut\u00e1rszolg\u00e1lat) vonatkoz\u00f3 adatok, inform\u00e1ci\u00f3k, \u00e1rak;<\/p><p><u>H\u00edrlev\u00e9l:<\/u>\u00a0elektronikus \u00faton (e-mail, SMS) az \u00dczemeltet\u0151 \u00e1ltal a h\u00edrlev\u00e9l-szolg\u00e1ltat\u00e1sra feliratkozott Felhaszn\u00e1l\u00f3knak id\u0151szakosan k\u00fcld\u00f6tt kereskedelmi \u00fczenet, kommunik\u00e1ci\u00f3, amely a\u00a0<a href=\"https:\/\/calendulapharma.com\">https:\/\/calendulapharma.com<\/a>\u00a0oldalt \u00e9rint\u0151 v\u00e1ltoz\u00e1sokr\u00f3l\/\u00fajdons\u00e1gokr\u00f3l, a\u00a0<a href=\"https:\/\/calendulapharma.com\">https:\/\/calendulapharma.com<\/a> megjelen\u00edtett Term\u00e9kekr\u0151l \u00e9s\/vagy az \u00dczemeltet\u0151 \u00e1ltal adott id\u0151szakban szervezett\/v\u00e1llalt prom\u00f3ci\u00f3kr\u00f3l, kedvezm\u00e9nyekr\u0151l t\u00e1j\u00e9koztat \u00e9s ny\u00fajt inform\u00e1ci\u00f3t;<\/p><p><u>Szerz\u0151d\u00e9s:<\/u>\u00a0Elad\u00f3 \u00e9s Vev\u0151 k\u00f6z\u00f6tt a Honlap \u00e9s elektronikus levelez\u00e9s ig\u00e9nybev\u00e9tel\u00e9vel l\u00e9trej\u00f6v\u0151 ad\u00e1sv\u00e9teli szerz\u0151d\u00e9s<\/p><p><u>T\u00e1voll\u00e9v\u0151k k\u00f6z\u00f6tti kommunik\u00e1ci\u00f3t lehet\u0151v\u00e9 t\u00e9v\u0151 eszk\u00f6z:<\/u>\u00a0olyan eszk\u00f6z, amely alkalmas a felek t\u00e1voll\u00e9t\u00e9ben \u2013 szerz\u0151d\u00e9s megk\u00f6t\u00e9se \u00e9rdek\u00e9ben \u2013 szerz\u0151d\u00e9si nyilatkozat megt\u00e9tel\u00e9re. Ilyen eszk\u00f6z k\u00fcl\u00f6n\u00f6sen a c\u00edmzett vagy a c\u00edmz\u00e9s n\u00e9lk\u00fcli nyomtatv\u00e1ny, a szabv\u00e1nylev\u00e9l, a sajt\u00f3term\u00e9kben k\u00f6zz\u00e9tett hirdet\u00e9s megrendel\u0151lappal, a katal\u00f3gus, a telefon, a telefax \u00e9s az internetes hozz\u00e1f\u00e9r\u00e9st biztos\u00edt\u00f3 eszk\u00f6z.<\/p><p><u>T\u00e1voll\u00e9v\u0151k k\u00f6z\u00f6tt k\u00f6t\u00f6tt szerz\u0151d\u00e9s:<\/u> olyan fogyaszt\u00f3i szerz\u0151d\u00e9s, amelyet a szerz\u0151d\u00e9s szerinti term\u00e9k vagy szolg\u00e1ltat\u00e1s ny\u00fajt\u00e1s\u00e1ra szervezett t\u00e1v\u00e9rt\u00e9kes\u00edt\u00e9si rendszer keret\u00e9ben a felek egyidej\u0171 fizikai jelenl\u00e9te n\u00e9lk\u00fcl \u00fagy k\u00f6tnek meg, hogy a szerz\u0151d\u00e9s megk\u00f6t\u00e9se \u00e9rdek\u00e9ben a szerz\u0151d\u0151 felek kiz\u00e1r\u00f3lag t\u00e1voll\u00e9v\u0151k k\u00f6z\u00f6tti kommunik\u00e1ci\u00f3t lehet\u0151v\u00e9 t\u00e9v\u0151 eszk\u00f6zt alkalmaznak.<\/p><p><u>Term\u00e9k:<\/u>\u00a0a Honlap k\u00edn\u00e1lat\u00e1ban szerepl\u0151, a Honlapon \u00e9rt\u00e9kes\u00edt\u00e9sre sz\u00e1nt minden birtokba vehet\u0151 forgalomk\u00e9pes ing\u00f3 dolog (gy\u00f3gyn\u00f6v\u00e9nyes \u00e9trend-kieg\u00e9sz\u00edt\u0151k), mely a Szerz\u0151d\u00e9s t\u00e1rgy\u00e1t k\u00e9pezi<\/p><p><u>V\u00e1llalkoz\u00e1s:<\/u>\u00a0a szakm\u00e1ja, \u00f6n\u00e1ll\u00f3 foglalkoz\u00e1sa vagy \u00fczleti tev\u00e9kenys\u00e9ge k\u00f6r\u00e9ben elj\u00e1r\u00f3 szem\u00e9ly<\/p><p><u>Vev\u0151\/\u00d6n:<\/u>\u00a0a Honlapon kereszt\u00fcl v\u00e9teli aj\u00e1nlatot tev\u0151 szerz\u0151d\u00e9st k\u00f6t\u0151 szem\u00e9ly<\/p><p><u>Megrendel\u00e9s:<\/u>\u00a0a Vev\u0151 Weboldalon tal\u00e1lhat\u00f3 egy vagy t\u00f6bb Term\u00e9k vonatkoz\u00e1s\u00e1ban \u00edr\u00e1sbeli v\u00e9teli aj\u00e1nlatot tesz az \u00dczemeltet\u0151nek.<\/p><p><u>Kos\u00e1r\u00e9rt\u00e9k:<\/u>\u00a0egy Megrendel\u00e9sben az \u00dczemeltet\u0151kt\u0151l megrendelni k\u00edv\u00e1nt Term\u00e9kek v\u00e9tel\u00e1r\u00e1nak \u00f6sszege, cs\u00f6kkentve az \u00dcgyf\u00e9l \u00e1ltal felhaszn\u00e1lt\/ig\u00e9nybe vett kedvezm\u00e9nykupon \u00e9s\/vagy v\u00e1s\u00e1rl\u00e1si utalv\u00e1ny \u00e9rt\u00e9k\u00e9vel, azaz az \u00dcgyf\u00e9l \u00e1ltal a Megrendel\u00e9s lead\u00e1s\u00e1t k\u00f6vet\u0151en az adott \u00dczemeltet\u0151 r\u00e9sz\u00e9re fizetend\u0151 v\u00e9g\u00f6sszeg.<\/p><p><u>Kereskedelmi \u00c9rtes\u00edt\u00e9s:<\/u>\u00a0minden olyan, elektronikus kommunik\u00e1ci\u00f3s eszk\u00f6z\u00f6n kereszt\u00fcl k\u00fcld\u00f6tt \u00e9rtes\u00edt\u00e9s (p\u00e9ld\u00e1ul: e-mail, sms, mobile \u00e9rtes\u00edt\u00e9s, web \u00e9rtes\u00edt\u00e9s stb.), amely \u00e1ltal\u00e1nos \u00e9s tematikus inform\u00e1ci\u00f3t tartalmaz a kor\u00e1bban v\u00e1s\u00e1rolt term\u00e9kekhez hasonl\u00f3, vagy azokat kieg\u00e9sz\u00edt\u0151 term\u00e9kekr\u0151l; egy\u00e9b aj\u00e1nlatokr\u00f3l \u00e9s prom\u00f3ci\u00f3kr\u00f3l; illetve piac- \u00e9s k\u00f6zv\u00e9lem\u00e9nykutat\u00e1sok eredm\u00e9nyeir\u0151l.<\/p><h2>\u00a0<\/h2><h2>3. Az \u00c1SZF hat\u00e1lya, elfogad\u00e1sa<\/h2><p>A k\u00f6z\u00f6tt\u00fcnk l\u00e9trej\u00f6v\u0151 szerz\u0151d\u00e9s tartalm\u00e1t \u2013 a vonatkoz\u00f3 k\u00f6telez\u0151 \u00e9rv\u00e9ny\u0171 jogszab\u00e1lyok rendelkez\u00e9sei mellett \u2013 a jelen \u00c1ltal\u00e1nos Szerz\u0151d\u00e9si Felt\u00e9telek (a tov\u00e1bbiakban: \u00c1SZF) hat\u00e1rozz\u00e1k meg. Ennek megfelel\u0151en tartalmazza a jelen \u00c1SZF az \u00d6nt \u00e9s benn\u00fcnket illet\u0151 jogokat \u00e9s k\u00f6telezetts\u00e9geket, a szerz\u0151d\u00e9s l\u00e9trej\u00f6tt\u00e9nek felt\u00e9teleit, a teljes\u00edt\u00e9si hat\u00e1rid\u0151ket, a sz\u00e1ll\u00edt\u00e1si \u00e9s fizet\u00e9si felt\u00e9teleket, a felel\u0151ss\u00e9gi szab\u00e1lyokat, valamint az el\u00e1ll\u00e1si jog gyakorl\u00e1s\u00e1nak felt\u00e9teleit.<\/p><p>A Honlap haszn\u00e1lat\u00e1hoz sz\u00fcks\u00e9ges azon technikai t\u00e1j\u00e9koztat\u00e1st, melyet jelen \u00c1SZF nem tartalmaz, a Honlapon el\u00e9rhet\u0151 egy\u00e9b t\u00e1j\u00e9koztat\u00e1sok ny\u00fajtj\u00e1k.<\/p><p>\u00d6n a megrendel\u00e9se v\u00e9gleges\u00edt\u00e9se el\u0151tt k\u00f6teles megismerni a jelen \u00c1SZF rendelkez\u00e9seit. A web\u00e1ruh\u00e1zon kereszt\u00fcl t\u00f6rt\u00e9n\u0151 v\u00e1s\u00e1rl\u00e1ssal \u00d6n elfogadja a jelen \u00c1SZF rendelkez\u00e9seit, \u00e9s az \u00c1SZF marad\u00e9ktalanul az \u00d6n \u00e9s az Elad\u00f3 k\u00f6z\u00f6tt l\u00e9trej\u00f6v\u0151 szerz\u0151d\u00e9s r\u00e9sz\u00e9t k\u00e9pezi.<\/p><h2>\u00a0<\/h2><h2>4. Alapvet\u0151 rendelkez\u00e9sek<\/h2><p>4.1. A szerz\u0151d\u00e9s nyelve, a szerz\u0151d\u00e9s form\u00e1ja<\/p><p>A jelen \u00c1SZF hat\u00e1lya al\u00e1 tartoz\u00f3 szerz\u0151d\u00e9sek nyelve a magyar nyelv.<\/p><p>A jelen \u00c1SZF hat\u00e1lya al\u00e1 tartoz\u00f3 szerz\u0151d\u00e9sek \u00edr\u00e1sba foglalt szerz\u0151d\u00e9seknek min\u0151s\u00fclnek, azokat az Elad\u00f3 nem iktatja.<\/p><p>4.2. A jelen \u00c1SZF-ben nem szab\u00e1lyozott k\u00e9rd\u00e9sekre, valamint jelen \u00c1SZF \u00e9rtelmez\u00e9s\u00e9re a magyar jog az ir\u00e1nyad\u00f3, k\u00fcl\u00f6n\u00f6s tekintettel a Polg\u00e1ri T\u00f6rv\u00e9nyk\u00f6nyvr\u0151l sz\u00f3l\u00f3 2013. \u00e9vi V. t\u00f6rv\u00e9ny (\u201ePtk.\u201d) \u00e9s az elektronikus kereskedelmi szolg\u00e1ltat\u00e1sok, valamint az inform\u00e1ci\u00f3s t\u00e1rsadalommal \u00f6sszef\u00fcgg\u0151 szolg\u00e1ltat\u00e1sok egyes k\u00e9rd\u00e9seir\u0151l sz\u00f3l\u00f3 2001. \u00e9vi CVIII. (Elker. tv.) t\u00f6rv\u00e9ny vonatkoz\u00f3 rendelkez\u00e9seire. A vonatkoz\u00f3 jogszab\u00e1lyok k\u00f6telez\u0151 rendelkez\u00e9sei a felekre k\u00fcl\u00f6n kik\u00f6t\u00e9s n\u00e9lk\u00fcl is ir\u00e1nyad\u00f3k.<\/p><p>4.3. A jelen \u00c1SZF 2023. \u00c1prilis 17. napj\u00e1t\u00f3l hat\u00e1lyos \u00e9s visszavon\u00e1sig hat\u00e1lyban marad. A T\u00e1rsas\u00e1g jogosult egyoldal\u00faan m\u00f3dos\u00edtani a \u00c1SZF-et. A m\u00f3dos\u00edt\u00e1sokat a T\u00e1rsas\u00e1g azok hat\u00e1lyba l\u00e9p\u00e9se el\u0151tt 11 (tizenegy) nappal a weboldalon k\u00f6zz\u00e9teszi. Megrendel\u0151 a weboldal haszn\u00e1lat\u00e1val elfogadja, hogy r\u00e1 n\u00e9zve a weboldal haszn\u00e1lat\u00e1val kapcsolatos valamennyi szab\u00e1lyoz\u00e1s automatikusan \u00e9rv\u00e9nyes.<\/p><p>4.4. Megrendel\u0151, amennyiben bel\u00e9p a T\u00e1rsas\u00e1g \u00e1ltal \u00fczemeltetett webshop weboldalra, vagy annak tartalm\u00e1t b\u00e1rmilyen m\u00f3don olvassa \u2013 akkor is, ha nem regisztr\u00e1lt Megrendel\u0151je a webshopnak, a \u00c1SZF-ben foglaltakat mag\u00e1ra n\u00e9zve k\u00f6telez\u0151nek ismeri el. Amennyiben a Megrendel\u0151 nem fogadja el a felt\u00e9teleket, nem jogosult a webshop tartalm\u00e1nak megtekint\u00e9s\u00e9re.<\/p><p>4.5. T\u00e1rsas\u00e1g fenntart mag\u00e1nak minden jogot a webshop weboldal, annak b\u00e1rmely r\u00e9szlete \u00e9s az azon megjelen\u0151 tartalmak, valamint a weboldal terjeszt\u00e9s\u00e9nek tekintet\u00e9ben. Tilos a webshopon megjelen\u0151 tartalmak vagy azok b\u00e1rmely r\u00e9szlet\u00e9nek let\u00f6lt\u00e9se, elektronikus t\u00e1rol\u00e1sa, feldolgoz\u00e1sa \u00e9s \u00e9rt\u00e9kes\u00edt\u00e9se a T\u00e1rsas\u00e1g \u00edr\u00e1sos hozz\u00e1j\u00e1rul\u00e1sa n\u00e9lk\u00fcl.<\/p><h2>\u00a0<\/h2><h2>5. Megv\u00e1s\u00e1rolhat\u00f3 term\u00e9kek, szolg\u00e1ltat\u00e1sok k\u00f6re, kos\u00e1r \u00f6ssze\u00e1ll\u00edt\u00e1sa<\/h2><p>5.1. A megjelen\u00edtett term\u00e9kek kiz\u00e1r\u00f3lag online rendelhet\u0151k meg. A term\u00e9kekre vonatkoz\u00f3an megjelen\u00edtett \u00e1rak forintban \u00e9rtend\u0151k, \u00e9s tartalmazz\u00e1k az \u00e1f\u00e1t, de nem tartalmazz\u00e1k a h\u00e1zhoz sz\u00e1ll\u00edt\u00e1s d\u00edj\u00e1t. K\u00fcl\u00f6n csomagol\u00e1si k\u00f6lts\u00e9g nem ker\u00fcl felsz\u00e1m\u00edt\u00e1sra.<\/p><p>5.2. A webshopban T\u00e1rsas\u00e1g r\u00e9szletesen felt\u00fcnteti a term\u00e9k nev\u00e9t, le\u00edr\u00e1s\u00e1t, a term\u00e9kekr\u0151l fot\u00f3t jelen\u00edt meg. A term\u00e9kek adatlapj\u00e1n megjelen\u00edtett k\u00e9pek elt\u00e9rhetnek a val\u00f3s\u00e1gost\u00f3l, illusztr\u00e1ci\u00f3k\u00e9nt szerepelhetnek.<\/p><p>5.3. Amennyiben akci\u00f3s \u00e1r ker\u00fcl bevezet\u00e9sre, T\u00e1rsas\u00e1g teljes k\u00f6r\u0171en t\u00e1j\u00e9koztatja Megrendel\u0151ket az akci\u00f3r\u00f3l \u00e9s annak pontos id\u0151tartam\u00e1r\u00f3l, indok\u00e1r\u00f3l.<\/p><p>5.4. H\u00e1zhoz sz\u00e1ll\u00edt\u00e1s eset\u00e9n Magyarorsz\u00e1g telep\u00fcl\u00e9seire a GLS fut\u00e1rszolg\u00e1lattal, valamint GLS Csomagpont csomagk\u00fcld\u0151 szolg\u00e1ltat\u00e1ssal sz\u00e1ll\u00edttatja ki a megrendelt term\u00e9keket. A web\u00e1ruh\u00e1zban 46 term\u00e9k tal\u00e1lhat\u00f3, a v\u00e1laszt\u00e9kra \u00e9s az \u00e1rakra vonatkoz\u00f3 v\u00e1ltoz\u00e1s jog\u00e1t a T\u00e1rsas\u00e1g fenntartja, \u00faj term\u00e9kek ker\u00fclhetnek fel \u00e9s egyes term\u00e9kek megsz\u0171nhetnek.<\/p><h2>\u00a0<\/h2><h2>6. A szerz\u0151d\u00e9s t\u00e1rgy\u00e1nak l\u00e9nyeges tulajdons\u00e1gai, \u00e1ra<\/h2><p>6.1. A megv\u00e1s\u00e1rolni k\u00edv\u00e1nt term\u00e9k f\u0151bb jellemz\u0151it az adott term\u00e9k aloldal\u00e1n kifejtett r\u00e9szletes ismertet\u0151 tartalmazza. Az ismertet\u0151 le\u00edr\u00e1s t\u00e9ves \u00e9rtelmez\u00e9s\u00e9b\u0151l ered\u0151 k\u00e1rok\u00e9rt felel\u0151ss\u00e9get a T\u00e1rsas\u00e1g nem v\u00e1llal.<\/p><p>6.2. A term\u00e9kekre a weboldalon felt\u00fcntetett \u00e1rak vonatkoznak. A megrendel\u00e9s lead\u00e1sa ut\u00e1n a rendszer egy automatikus visszaigazol\u00f3 e-mail-t k\u00fcld, az abban szerepl\u0151 \u00e1rakra T\u00e1rsas\u00e1g \u00e1rgaranci\u00e1t v\u00e1llal, azaz a megrendelt term\u00e9kekr\u0151l, f\u00fcggetlen\u00fcl a megrendel\u00e9s lead\u00e1sa ut\u00e1n t\u00f6rt\u00e9n\u0151 \u00e1rv\u00e1ltoz\u00e1sokt\u00f3l, a visszaigazol\u00e1sban szerepl\u0151 \u00e1rakon fogja ki\u00e1ll\u00edtani a sz\u00e1ml\u00e1t.<\/p><h2>\u00a0<\/h2><h2>7. Regisztr\u00e1ci\u00f3<\/h2><p>Az \u00e1ruh\u00e1zban t\u00f6rt\u00e9n\u0151 v\u00e1s\u00e1rl\u00e1shoz regisztr\u00e1lhat a weboldalon, melynek el\u0151nye, hogy nem kell minden egyes v\u00e1s\u00e1rl\u00e1sn\u00e1l \u00fajra \u00e9s \u00fajra megadnia az adatokat. Ha regisztr\u00e1lni szeretne, akkor a [Fi\u00f3k\/Regisztr\u00e1lj] men\u00fcpontra kattintva meg kell adnia szem\u00e9lyes adatait: felhaszn\u00e1l\u00f3 nev\u00e9t, e-mail c\u00edm\u00e9t, jelszav\u00e1t.<\/p><p>Egy e-mail c\u00edmhez csak egy regisztr\u00e1ci\u00f3 v\u00e9gezhet\u0151 el. A regisztr\u00e1ci\u00f3 elk\u00fcld\u00e9sekor rendszer\u00fcnk a megadott email c\u00edmre egy hiteles\u00edt\u0151 levelet k\u00fcld, amelyben a regisztr\u00e1ci\u00f3 \u00e9rv\u00e9nyes\u00edt\u00e9s\u00e9hez sz\u00fcks\u00e9ges linket kap. Erre az\u00e9rt van sz\u00fcks\u00e9g, hogy elker\u00fclhet\u0151v\u00e9 v\u00e1ljanak a t\u00e9ves regisztr\u00e1l\u00e1sok. Ha a regisztr\u00e1ci\u00f3j\u00e1t megfelel\u0151en \u00e9rv\u00e9nyes\u00edtette az e-mailben l\u00e9v\u0151 link k\u00f6vet\u00e9s\u00e9vel, akkor ezut\u00e1n m\u00e1r b\u00e1rmikor lehet\u0151s\u00e9ge van rendel\u00e9st leadni weboldalon. Amennyiben m\u00e1r regisztr\u00e1lt v\u00e1s\u00e1rl\u00f3, akkor v\u00e1s\u00e1rl\u00e1s el\u0151tt, a bel\u00e9p\u00e9s gombra kattintva, s az e-mail c\u00edm\u00e9t \u00e9s jelszav\u00e1t megadva tud bejelentkezni az oldalra. Ha elfelejtette a jelszav\u00e1t, akkor kattintson az \u201eElfelejtetted a jelszavad?\u201d mondatra, ezut\u00e1n \u00edrja be a regisztr\u00e1ci\u00f3kor megadott email c\u00edm\u00e9t, \u00e9s a rendszer a regisztr\u00e1lt e-mail c\u00edmre elk\u00fcldi \u00d6nnek az \u00faj jelsz\u00f3 gener\u00e1l\u00e1s\u00e1hoz sz\u00fcks\u00e9ges linket.<\/p><h2>\u00a0<\/h2><h2>8. A Megrendel\u00e9s lead\u00e1sa, \u00e1tv\u00e9tel \u00e9s sz\u00e1ll\u00edt\u00e1s<\/h2><p>8.1. A honlapon k\u00f6z\u00f6lt inform\u00e1ci\u00f3k nem min\u0151s\u00fclnek az Elad\u00f3 r\u00e9sz\u00e9r\u0151l szerz\u0151d\u00e9s megk\u00f6t\u00e9s\u00e9re vonatkoz\u00f3 aj\u00e1nlatnak. A jelen \u00c1SZF hat\u00e1lya al\u00e1 tartoz\u00f3 megrendel\u00e9sek eset\u00e9n \u00d6n min\u0151s\u00fcl aj\u00e1nlattev\u0151nek.<\/p><p>\u00d6n a \u201eMegrendel\u00e9s elk\u00fcld\u00e9se\u201d\u00a0gomb megnyom\u00e1s\u00e1val kifejezetten tudom\u00e1sul veszi, hogy aj\u00e1nlat\u00e1t megtettnek kell tekinteni, \u00e9s nyilatkozata \u2013 az Elad\u00f3 jelen \u00c1SZF szerinti visszaigazol\u00e1sa eset\u00e9n &#8211; fizet\u00e9si k\u00f6telezetts\u00e9get von maga ut\u00e1n. \u00d6nt az aj\u00e1nlata 48 \u00f3r\u00e1s id\u0151tartamban k\u00f6ti. Amennyiben az \u00d6n aj\u00e1nlat\u00e1t a jelen \u00e1ltal\u00e1nos szerz\u0151d\u00e9si felt\u00e9telek szerint 48 \u00f3r\u00e1n bel\u00fcl nem igazolja vissza az Elad\u00f3, \u00d6n mentes\u00fcl az aj\u00e1nlati k\u00f6t\u00f6tts\u00e9ge al\u00f3l.<\/p><p>A megrendel\u00e9shez a term\u00e9kek oldal\u00e1n kereszt\u00fcl a \u2019Kos\u00e1rba\u2019 gombra kattintva juthat el a felhaszn\u00e1l\u00f3.<\/p><p>A regisztr\u00e1ci\u00f3\/bel\u00e9p\u00e9s vagy regisztr\u00e1ci\u00f3 n\u00e9lk\u00fcli megrendel\u00e9s felad\u00e1sa 5 szakaszb\u00f3l \u00e1ll:<\/p><ol><li>szakasz: Bel\u00e9p\u00e9s \/ regisztr\u00e1ci\u00f3 \/ Honlap l\u00e1togat\u00e1sa<\/li><li>szakasz: Sz\u00e1ml\u00e1z\u00e1si \u00e9s sz\u00e1ll\u00edt\u00e1si c\u00edmek megad\u00e1sa, kiv\u00e1laszt\u00e1sa<\/li><li>szakasz: Sz\u00e1ll\u00edt\u00e1si m\u00f3d v\u00e1laszt\u00e1sa (h\u00e1zhoz sz\u00e1ll\u00edt\u00e1s \/ szem\u00e9lyes \u00e1tv\u00e9tel \/csomag\u00e1tv\u00e9teli pont)<\/li><li>szakasz: Fizet\u00e9s m\u00f3dj\u00e1nak kiv\u00e1laszt\u00e1sa<\/li><li>szakasz: Sz\u00f6veges \u00e9rtes\u00edt\u00e9s a megrendel\u00e9s sikeress\u00e9g\u00e9r\u0151l.<\/li><\/ol><p>Az egyes szakaszok k\u00f6z\u00f6tt vissza is l\u00e9phet, illetve b\u00e1rmikor megszak\u00edthatja a megrendel\u00e9s felad\u00e1s\u00e1t.<\/p><p>8.2. Rendel\u00e9s feldolgoz\u00e1sa, a szerz\u0151d\u00e9s l\u00e9trej\u00f6tte:<\/p><p>\u00d6nnek b\u00e1rmilyen id\u0151pontban lehet\u0151s\u00e9ge van a megrendel\u00e9s lead\u00e1s\u00e1ra. Az Elad\u00f3 legk\u00e9s\u0151bb az \u00d6n aj\u00e1nlat\u00e1nak elk\u00fcld\u00e9s\u00e9t k\u00f6vet\u0151 munkanap sor\u00e1n e-mail \u00fatj\u00e1n visszaigazolja az \u00d6n aj\u00e1nlat\u00e1t. A szerz\u0151d\u00e9s akkor j\u00f6n l\u00e9tre, amikor az Elad\u00f3 \u00e1ltal k\u00fcld\u00f6tt visszaigazol\u00f3 email az \u00d6n sz\u00e1m\u00e1ra a levelez\u0151rendszer\u00e9ben hozz\u00e1f\u00e9rhet\u0151v\u00e9 v\u00e1lik.<\/p><p>A webshop a sz\u00e1ml\u00e1kat elektronikus \u00faton bocs\u00e1jtja a V\u00e1s\u00e1rl\u00f3k rendelkez\u00e9s\u00e9re. Elektronikus sz\u00e1ml\u00e1kat e-mail-ben \u00e9s\/vagy pap\u00edr alapon, a sz\u00e1ll\u00edt\u00e1si csomagban mell\u00e9kelve k\u00fcldik meg v\u00e1s\u00e1rl\u00f3ik r\u00e9sz\u00e9re.<\/p><p>8.3. Elk\u00fcld\u00f6tt \u00e9s visszaigazolt megrendel\u00e9s lemond\u00e1sa, m\u00f3dos\u00edt\u00e1sa: Az elk\u00fcld\u00f6tt \u00e9s visszaigazolt megrendel\u00e9sek lemond\u00e1s\u00e1ra a megrendel\u00e9s lead\u00e1s\u00e1t k\u00f6vet\u0151 24 \u00f3r\u00e1n bel\u00fcl a\u00a0calendulapharma1@gmail.com \u00e9s az info@gls-hungary.com\u00a0c\u00edmekre k\u00fcld\u00f6tt e-mailben vagy a +36-30-2288-962 telefonsz\u00e1mon van lehet\u0151s\u00e9g, a megrendel\u0151 pontos adatainak megad\u00e1s\u00e1val.<\/p><h2>\u00a0<\/h2><h2>9. Az online \u00e9rt\u00e9kes\u00edt\u00e9sre vonatkoz\u00f3 speci\u00e1lis rendelkez\u00e9sek<\/h2><p>9.1. A Weboldalra b\u00e1rmely Felhaszn\u00e1l\u00f3\/\u00dcgyf\u00e9l bel\u00e9phet. Az \u00dczemeltet\u0151 fenntartja a jogot, hogy az \u00dcgyf\u00e9lnek\/V\u00e1s\u00e1rl\u00f3nak a Megrendel\u00e9s lead\u00e1s\u00e1hoz val\u00f3 jogosults\u00e1g\u00e1t \u00e9s hozz\u00e1f\u00e9r\u00e9s\u00e9t \u00e9s\/vagy valamely fizet\u00e9si m\u00f3d v\u00e1laszt\u00e1s\u00e1t majd alkalmaz\u00e1s\u00e1t korl\u00e1tozza, amennyiben az adott \u00dcgyf\u00e9l\/V\u00e1s\u00e1rl\u00f3 a Weboldalon v\u00e9gzett tev\u00e9kenys\u00e9g\u00e9vel vesz\u00e9lyeztetheti a Weboldal zavartalan m\u0171k\u00f6d\u00e9s\u00e9t \u00e9s\/vagy tev\u00e9kenys\u00e9g\u00e9vel az \u00dczemeltet\u0151nek k\u00e1rt okozhat. Ezen esetben az \u00dcgyf\u00e9l\/V\u00e1s\u00e1rl\u00f3 az \u00dczemeltet\u0151 \u00dcgyf\u00e9lszolg\u00e1lat\u00e1hoz fordulhat, ahol a korl\u00e1toz\u00e1s(ok) indokair\u00f3l t\u00e1j\u00e9koztat\u00e1st kap.<\/p><p>9.2. Az \u00dcgyf\u00e9l kapcsolatba l\u00e9phet az \u00dczemeltet\u0151vel az \u00dczemeltet\u0151 megadott el\u00e9rhet\u0151s\u00e9gein kereszt\u00fcl. Az \u00dczemeltet\u0151 az \u00e1ltala kapcsolatfelv\u00e9tel c\u00e9lj\u00e1ra megadott inform\u00e1ci\u00f3k val\u00f3ss\u00e1g\u00e1\u00e9rt \u00e9s helyess\u00e9g\u00e9\u00e9rt felel.<\/p><p>9.3. Amennyiben egy adott interneth\u00e1l\u00f3zatr\u00f3l az \u00dczemeltet\u0151 meg\u00edt\u00e9l\u00e9se szerint az \u00e1tlagosn\u00e1l nagyobb forgalom \u00e9rkezik, az \u00dczemeltet\u0151 fenntartja a jogot, hogy a Weboldalt l\u00e1togat\u00f3 Felhaszn\u00e1l\u00f3k\/\u00dcgyfelek\/V\u00e1s\u00e1rl\u00f3k sz\u00e1m\u00e1ra \u201ecaptcha\u201d t\u00edpus\u00fa k\u00f3d haszn\u00e1lat\u00e1t vezesse be, a Weboldal tartalm\u00e1nak \u00e9s valamennyi inform\u00e1ci\u00f3j\u00e1nak a v\u00e9delme \u00e9rdek\u00e9ben.<\/p><p>9.4. A Weboldalon felt\u00fcntetett Tartalom, k\u00fcl\u00f6n\u00f6sen a Term\u00e9kek le\u00edr\u00e1s\u00e1ra haszn\u00e1lt inform\u00e1ci\u00f3 nem jelenti az \u00dczemeltet\u0151 aj\u00e1nlati k\u00f6t\u00f6tts\u00e9g\u00e9t, ezek kifejezetten a bemutat\u00e1s c\u00e9lj\u00e1t szolg\u00e1lj\u00e1k, a Weboldalon szerepl\u0151 k\u00e9pek csup\u00e1n illusztr\u00e1ci\u00f3k. Az \u00dcgyf\u00e9l vagy V\u00e1s\u00e1rl\u00f3 r\u00e9sz\u00e9re b\u00e1rmely kommunik\u00e1ci\u00f3s eszk\u00f6z (elektronikus, telefon stb.) \u00fatj\u00e1n k\u00fcld\u00f6tt vagy az \u00dcgyf\u00e9l\/V\u00e1s\u00e1rl\u00f3 \u00e1ltal bel\u00e9p\u00e9s, l\u00e1togat\u00e1s \u00e9s\/vagy b\u00f6ng\u00e9sz\u00e9s \u00fatj\u00e1n szerzett semmilyen Tartalom nem k\u00e9pezi az \u00dczemeltet\u0151 szerz\u0151d\u00e9ses k\u00f6telezetts\u00e9g\u00e9t, sem aj\u00e1nlati k\u00f6t\u00f6tts\u00e9g\u00e9t \u00e9s\/vagy \u2013 amennyiben l\u00e9tezik ilyen \u2013 a Tartalom \u00e1tk\u00fcld\u00e9s\u00e9t lebonyol\u00edt\u00f3 \u00dczemeltet\u0151 alkalmazott\/megb\u00edzott szerz\u0151d\u00e9ses k\u00f6telezetts\u00e9g\u00e9t, sem aj\u00e1nlati k\u00f6t\u00f6tts\u00e9g\u00e9t, ezen Tartalom vonatkoz\u00e1s\u00e1ban.<\/p><p>9.5. Az \u00dczemeltet\u0151 a Megrendel\u00e9s lebonyol\u00edt\u00e1s\u00e1val kapcsolatos szolg\u00e1ltat\u00e1sok teljes\u00edt\u00e9s\u00e9vel harmadik szem\u00e9lyt b\u00edzhat meg a V\u00e1s\u00e1rl\u00f3 el\u0151zetes \u00e9s\/vagy egyidej\u0171 t\u00e1j\u00e9koztat\u00e1s\u00e1val. Ez a V\u00e1s\u00e1rl\u00f3 beleegyez\u00e9s\u00e9hez nem k\u00f6t\u00f6tt. Az \u00dczemeltet\u0151 azonban ezen esetekben is felel a V\u00e1s\u00e1rl\u00f3val k\u00f6t\u00f6tt Szerz\u0151d\u00e9sb\u0151l ered\u0151 k\u00f6telezetts\u00e9gei teljes\u00edt\u00e9s\u00e9\u00e9rt.<\/p><h2>\u00a0<\/h2><h2>10. Rendel\u00e9sek teljes\u00edt\u00e9se<\/h2><h3><strong>10.1. H\u00e1zhoz sz\u00e1ll\u00edt\u00e1s<\/strong><\/h3><ul><li>Budapestre \u00e9s Magyarorsz\u00e1g meghat\u00e1rozott telep\u00fcl\u00e9seire Elad\u00f3 a GLS fut\u00e1rszolg\u00e1lattal sz\u00e1ll\u00edtja a megrendelt term\u00e9keket. A teljes\u00edt\u00e9s ideje \u00e1ltal\u00e1ban a megrendel\u00e9st\u0151l sz\u00e1m\u00edtott 3-4 munkanap, ami a rendelkez\u00e9sre \u00e1ll\u00f3 k\u00e9szlet f\u00fcggv\u00e9ny\u00e9ben v\u00e1ltozhat. A kisz\u00e1ll\u00edt\u00e1s id\u0151pontj\u00e1r\u00f3l e-mail-ben k\u00fcld t\u00e1j\u00e9koztat\u00e1st.<\/li><li>K\u00fclf\u00f6ldre a szint\u00e9n a GLS fut\u00e1rszolg\u00e1lattal k\u00fcldi Elad\u00f3 a megrendelt csomagokat. K\u00fclf\u00f6ldi orsz\u00e1gba t\u00f6rt\u00e9n\u0151 megrendel\u00e9s eset\u00e9n az al\u00e1bbi list\u00e1ban szerepl\u0151 orsz\u00e1gokba v\u00e1llalja a kisz\u00e1ll\u00edt\u00e1st. A sz\u00e1ll\u00edt\u00e1si id\u0151 orsz\u00e1gt\u00f3l f\u00fcgg\u0151en egyedileg elt\u00e9r\u0151en v\u00e1ltozhat. Tov\u00e1bbi inform\u00e1ci\u00f3val kapcsolatban keresse \u00fcgyf\u00e9lszolg\u00e1latunkat.<ul><li>Ausztria<\/li><li>Rom\u00e1nia<\/li><li>Csehorsz\u00e1g<\/li><li>Szlov\u00e1kia<\/li><li>Lengyelorsz\u00e1g<\/li><li>Luxemburg<\/li><li>San Marino<\/li><li>Monaco<\/li><li>N\u00e9metorsz\u00e1g<\/li><li>Belgium<\/li><li>Bulg\u00e1ria<\/li><li>D\u00e1nia<\/li><li>Egyes\u00fclt Kir\u00e1lys\u00e1g<\/li><li>Finnorsz\u00e1g<\/li><li>Franciaorsz\u00e1g<\/li><li>G\u00f6r\u00f6gorsz\u00e1g<\/li><li>Hollandia<\/li><li>Horv\u00e1thorsz\u00e1g<\/li><li>\u00cdrorsz\u00e1g<\/li><li>Olaszorsz\u00e1g<\/li><li>Portug\u00e1lia<\/li><li>Spanyolorsz\u00e1g<\/li><li>Sv\u00e9dorsz\u00e1g<\/li><li>Szlov\u00e9nia<\/li><li>Ciprus<\/li><li>\u00c9sztorsz\u00e1g<\/li><li>Lettorsz\u00e1g<\/li><li>Litv\u00e1nia<\/li><li>M\u00e1lta<\/li><\/ul><\/li><\/ul><p>\u00a0<\/p><p>Sz\u00e1ll\u00edt\u00e1si k\u00f6lts\u00e9gek a k\u00fclf\u00f6ldi orsz\u00e1gok eset\u00e9ben:<\/p><ul><li>0,5 kg \u2013ig: 7000 HUF (Ft)\/csomag, 18 EUR\/csomag<br \/>0,5 kg f\u00f6l\u00f6tt: 10.000 HUF (Ft)\/csomag, 26 EUR\/csomag<\/li><li>Minden egy\u00e9b orsz\u00e1gb\u00f3l t\u00f6rt\u00e9n\u0151 v\u00e1s\u00e1rl\u00e1s eset\u00e9n, m\u00e9g a v\u00e1s\u00e1rl\u00e1s el\u0151tt a sz\u00e1ll\u00edt\u00e1si k\u00f6lts\u00e9gekkel kapcsolatosan Vev\u0151nek fel kell venni a kapcsolatot Elad\u00f3 munkat\u00e1rsaival a +36-30-2288-962 telefonsz\u00e1mon, vagy a calendulapharma1@gmail.com email-c\u00edmen.<\/li><\/ul><h3>\u00a0<\/h3><h3><strong>10.2. Sz\u00e1ll\u00edt\u00e1si d\u00edjak belf\u00f6ld\u00f6n<\/strong><\/h3><ul><li><strong>Brutt\u00f3 40 000 Ft <\/strong>feletti megrendel\u00e9s eset\u00e9n a h\u00e1zhoz sz\u00e1ll\u00edt\u00e1s d\u00edja <strong>2 kg-ig<\/strong>: 0 Ft (csak Magyarorsz\u00e1gon)<\/li><li><strong>Brutt\u00f3 40 000 Ft <\/strong>alatti megrendel\u00e9s eset\u00e9n a h\u00e1zhoz sz\u00e1ll\u00edt\u00e1s d\u00edja <strong>2 kg-ig<\/strong>: 2000 Ft (csak Magyarorsz\u00e1gon)<\/li><li><strong>2 kg feletti<\/strong> megrendel\u00e9s eset\u00e9n Elad\u00f3 munkat\u00e1rsai felveszik Megrendel\u0151vel a kapcsolatot a megrendel\u00e9skor megadott el\u00e9rhet\u0151s\u00e9gein!<\/li><\/ul><p>GLS Csomagponton kereszt\u00fcl t\u00f6rt\u00e9n\u0151 \u00e1tv\u00e9tel eset\u00e9ben jellemz\u0151en a megrendel\u00e9st\u0151l sz\u00e1m\u00edtott 2-4 munkanap alatt ker\u00fcl automat\u00e1ba a csomag. Az \u00e1tv\u00e9teli lehet\u0151s\u00e9g v\u00e1rhat\u00f3 id\u0151pontj\u00e1r\u00f3l e-mailben kap a V\u00e1s\u00e1rl\u00f3 t\u00e1j\u00e9koztat\u00e1st. A GLS Csomagpontra \u00e9rkez\u0151 csomagokat az \u00e1tvev\u0151pont 5 napig t\u00e1rolja, majd visszak\u00fcldi a csomagot a csomag felad\u00f3j\u00e1nak.<\/p><p>A fut\u00e1rszolg\u00e1latos k\u00e9zbes\u00edt\u00e9s h\u00e9tk\u00f6znap 8:00 \u00e9s 18:00 \u00f3ra k\u00f6z\u00f6tt t\u00f6rt\u00e9nik.<\/p><p>Amennyiben ezen id\u0151kereten bel\u00fcl V\u00e1s\u00e1rl\u00f3 nem tart\u00f3zkodik otthon, olyan sz\u00e1ll\u00edt\u00e1si c\u00edmet adjon meg (pl. munkahely) ahol fut\u00e1rok el\u00e9rhetik minden esetben.<\/p><p>Felek megegyeznek abban, hogy el\u0151re fizet\u00e9s eset\u00e9n az \u00e1tutal\u00e1s teljes \u00f6sszeg\u00e9nek meg\u00e9rkez\u00e9s\u00e9ig, Elad\u00f3nak nem \u00e1ll m\u00f3dj\u00e1ban a megrendelt term\u00e9ket\/term\u00e9keket \u00e1tadni a fut\u00e1rszolg\u00e1latnak.<\/p><h3>\u00a0<\/h3><h3><strong>10.3. Teljes\u00edt\u00e9si hat\u00e1rid\u0151<\/strong><\/h3><p>A megrendel\u00e9sre vonatkoz\u00f3an az \u00e1ltal\u00e1nos teljes\u00edt\u00e9si hat\u00e1rid\u0151 a rendel\u00e9s visszaigazol\u00e1s\u00e1t\u00f3l sz\u00e1m\u00edtott legfeljebb\u00a030\u00a0nap.<\/p><p>T\u00e1j\u00e9koztatjuk, hogy:<\/p><ul><li>a koronav\u00edrus miatt kihirdetett vesz\u00e9lyhelyzet,<\/li><li>a vesz\u00e9lyhelyzetben hozott, a Magyar K\u00f6zl\u00f6nyben kihirdetett k\u00fcl\u00f6nleges jogrendi int\u00e9zked\u00e9sek,<\/li><li>a szerz\u0151d\u00e9s teljes\u00edt\u00e9se \u00e9rdek\u00e9ben elj\u00e1r\u00f3 szem\u00e9lyek (fizet\u00e9si szolg\u00e1ltat\u00f3, valamint a sz\u00e1ll\u00edt\u00e1st v\u00e9gz\u0151 partner) \u00e1ltal a vesz\u00e9lyhelyzet miatt hozott int\u00e9zked\u00e9sek<\/li><\/ul><p>a szerz\u0151d\u00e9s teljes\u00edt\u00e9s\u00e9t vis maior esem\u00e9nyk\u00e9nt \u00e9rintik.<\/p><p>A vis maior helyzet Elad\u00f3t megakad\u00e1lyozhatja, vagy k\u00e9sleltetheti szerz\u0151d\u00e9ses k\u00f6telezetts\u00e9gei teljes\u00edt\u00e9s\u00e9ben, amely\u00e9rt Elad\u00f3 a Polg\u00e1ri T\u00f6rv\u00e9nyk\u00f6nyv alapj\u00e1n nem vonhat\u00f3 felel\u0151ss\u00e9gre.<\/p><p>Az akad\u00e1lyoztat\u00e1s \u00e9s k\u00e9sleltet\u00e9s kezel\u00e9se \u00e9rdek\u00e9ben Elad\u00f3 jogosult:<\/p><ul><li>a szerz\u0151d\u00e9s teljes\u00edt\u00e9s\u00e9t felf\u00fcggeszteni, vagy halasztani,<\/li><li>a m\u00e1r megk\u00f6t\u00f6tt szerz\u0151d\u00e9s teljes\u00edt\u00e9s\u00e9t lehetetlen\u00fcl\u00e9sre (amennyiben a vis maior helyzet el\u0151re l\u00e1that\u00f3an lehetetlen\u00e9 teszi a teljes\u00edt\u00e9st) hivatkozva visszautas\u00edtani.<\/li><\/ul><p>A szerz\u0151d\u00e9s teljes\u00edt\u00e9s\u00e9nek felf\u00fcggeszt\u00e9se vagy halaszt\u00e1sa eset\u00e9n Elad\u00f3 a szerz\u0151d\u00e9ses k\u00f6telezetts\u00e9geit a vis maior helyzetre tekintettel halasztott id\u0151pontban k\u00f6teles teljes\u00edteni.<\/p><p>A szerz\u0151d\u00e9s teljes\u00edt\u00e9s\u00e9nek lehetetlen\u00fcl\u00e9se eset\u00e9n a Polg\u00e1ri T\u00f6rv\u00e9nyk\u00f6nyv alapj\u00e1n a szerz\u0151d\u00e9s megsz\u0171nik, a m\u00e1r megfizetett v\u00e9tel\u00e1r visszaj\u00e1r a V\u00e1s\u00e1rl\u00f3nak. Elad\u00f3 a v\u00e9tel\u00e1r visszat\u00e9r\u00edt\u00e9se eset\u00e9n a V\u00e1s\u00e1rl\u00f3 \u00e1ltal alkalmazott fizet\u00e9si m\u00f3dot, vagy a Felek \u00e1ltal egyedileg megt\u00e1rgyalt visszafizet\u00e9si m\u00f3dot alkalmazza.<\/p><h3>\u00a0<\/h3><h3><strong>10.4. V\u00e9tel\u00e1r \u00e9s fizet\u00e9si m\u00f3dok, felt\u00e9telek<\/strong><\/h3><p>Az \u00e1rak forintban \u00e9rtend\u0151k, tartalmazz\u00e1k a 27%-os \u00c1F\u00c1-t. Az \u00e1rak t\u00e1j\u00e9koztat\u00f3 jelleg\u0171ek. Nem z\u00e1rhat\u00f3 ki annak a lehet\u0151s\u00e9ge, hogy \u00fczletpolitikai okb\u00f3l az Elad\u00f3 az \u00e1rakat m\u00f3dos\u00edtsa. Az \u00e1rak m\u00f3dos\u00edt\u00e1sa nem terjed ki a m\u00e1r megk\u00f6t\u00f6tt szerz\u0151d\u00e9sekre. (<strong>16. Vonatkoz\u00f3 jogszab\u00e1lyok)<\/strong><\/p><p><strong>A weboldalon tal\u00e1lhat\u00f3 term\u00e9kek a weboldalon kereszt\u00fcl, kiz\u00e1r\u00f3lag mag\u00e1n felhaszn\u00e1l\u00e1sra v\u00e1s\u00e1rolhat\u00f3ak meg<\/strong>. Amennyiben \u00d6n viszontelad\u00f3k\u00e9nt v\u00e1s\u00e1rolna, k\u00e9rj\u00fck, hogy vegye fel a kapcsolatot \u00fcgyf\u00e9lszolg\u00e1latunkkal a <a href=\"mailto:contact@calendulapharma.com\">contact@calendulapharma.com<\/a> c\u00edmen.<\/p><p>A megrendelt term\u00e9kek megfizet\u00e9s\u00e9nek el\u00e9rhet\u0151 m\u00f3djait az Elad\u00f3 hat\u00e1rozza meg, amelyet a megrendel\u00e9s lead\u00e1sa sor\u00e1n a honlap megjelen\u00edt. Az Elad\u00f3 \u00e1ltal el\u00e9rhet\u0151v\u00e9 tett fizet\u00e9si m\u00f3dok k\u00f6z\u00fcl a V\u00e1s\u00e1rl\u00f3 a megrendel\u00e9s sor\u00e1n v\u00e1lasztja ki az \u00e1ltala alkalmazni k\u00edv\u00e1nt fizet\u00e9si m\u00f3dot.<\/p><p>A V\u00e1s\u00e1rl\u00f3 az \u00e1ltala a megrendel\u00e9s lead\u00e1sa sor\u00e1n kiv\u00e1lasztott fizet\u00e9si m\u00f3d szerint k\u00f6teles a megrendelt term\u00e9kek \u00e9s sz\u00e1ll\u00edt\u00e1si d\u00edj v\u00e9tel\u00e1r\u00e1t megfizetni.<\/p><h4>\u00a0<\/h4><h4><em>10.4.1 Banki \u00e1tutal\u00e1s:<\/em><\/h4><p>Amennyiben banki \u00e1tutal\u00e1ssal szeretne fizetni, a megrendel\u00e9s lead\u00e1sakor v\u00e1lassza ki a banki \u00e1tutal\u00e1s lehet\u0151s\u00e9get.<\/p><p>A megrendel\u00e9s\u00e9hez kapcsol\u00f3d\u00f3an visszaigazol\u00f3 emailt kap, mely tartalmazza az el\u0151re utal\u00e1shoz sz\u00fcks\u00e9ges adatokat.<\/p><p>A banksz\u00e1mla a Calendula Pharma Co. Kft., a calendulapharma.com webshop \u00fczemeltet\u0151j\u00e9nek hivatalos banksz\u00e1ml\u00e1ja. A k\u00f6zlem\u00e9ny rovatba k\u00e9rj\u00fck, \u00edrja be a megrendel\u00e9s sz\u00e1m\u00e1t \u00e9s a megrendel\u00e9sen szerepl\u0151 nevet.<\/p><p><strong>Utal\u00e1si adatok:<\/strong><\/p><p>ERSTE BANK Hungary Zrt.<br \/>Calendula Pharma Co. Kft.<br \/>11600006-00000000-45602845<\/p><h4>\u00a0<\/h4><h4><em>10.4.2. Paypro bankk\u00e1rty\u00e1s fizet\u00e9s:<\/em><\/h4><p>A V\u00e1s\u00e1rl\u00f3 tudom\u00e1sul veszi, hogy online fizet\u00e9si m\u00f3d v\u00e1laszt\u00e1sa eset\u00e9n a fizet\u00e9si szolg\u00e1ltat\u00e1st az Calendula Pharma Co. Kft.egy\u00fcttm\u0171k\u00f6d\u0151 partnere, a PayPro S.A. (sz\u00e9khelye: Pozna\u0144, ul. Kanclerska 15, 60-327 Pozna\u0144, nyilv\u00e1ntartja Poznani Ker\u00fcleti B\u00edr\u00f3s\u00e1g, nyilv\u00e1ntart\u00e1si sz\u00e1ma: 0000347935, k\u00f6z\u00f6ss\u00e9gi ad\u00f3sz\u00e1ma: 7792369887) ny\u00fajtja. Az PayPro a legmagasabb szint\u0171 online biztons\u00e1got ny\u00fajtja. Garant\u00e1lja a kifizet\u00e9sek \u00e9s a szem\u00e9lyes adatok biztons\u00e1g\u00e1t.<\/p><p>Az online fizet\u00e9si m\u00f3d alkalmaz\u00e1sa eset\u00e9n sz\u00fcks\u00e9gess\u00e9 v\u00e1lhat a V\u00e1s\u00e1rl\u00f3 bankk\u00e1rtya adatainak online fel\u00fcleten t\u00f6rt\u00e9n\u0151 r\u00f6gz\u00edt\u00e9se, amelyre tekintettel az online fizet\u00e9si m\u00f3dot a V\u00e1s\u00e1rl\u00f3 minden esetben kiz\u00e1r\u00f3lag a saj\u00e1t felel\u0151ss\u00e9g\u00e9re veszi ig\u00e9nybe. Online fizet\u00e9si m\u00f3d v\u00e1laszt\u00e1sa eset\u00e9n a T\u00e1rsas\u00e1g a V\u00e1s\u00e1rl\u00f3 bankk\u00e1rtya adatait nem kapja meg, azokhoz nem f\u00e9r hozz\u00e1, r\u00e9sz\u00e9re az adatok nem ker\u00fclnek tov\u00e1bb\u00edt\u00e1sra. Ezen adatokat kiz\u00e1r\u00f3lag a PayPro S.A. kezeli, \u00e9s az online fizet\u00e9si m\u00f3d v\u00e1laszt\u00e1s\u00e1val \u00e9s a bankk\u00e1rtya adatok r\u00f6gz\u00edt\u00e9s\u00e9vel a V\u00e1s\u00e1rl\u00f3 kifejezetten hozz\u00e1j\u00e1rul ezen adatkezel\u00e9shez.<\/p><p>Paypro gyakran ism\u00e9telt k\u00e9rd\u00e9sek: <a href=\"https:\/\/payproglobal.com\/faq\/\" target=\"_blank\" rel=\"noopener\">https:\/\/payproglobal.com\/faq\/<\/a><\/p><p>Paypro megrendel\u00e9s keres\u00e9se: <a href=\"https:\/\/payproglobal.com\/customer-support#order-lookup\" target=\"_blank\" rel=\"noopener\">https:\/\/payproglobal.com\/customer-support#order-lookup<\/a><\/p><h4>\u00a0<\/h4><h4><em>10.4.3. Paypal fizet\u00e9s:<\/em><\/h4><p>A 192 milli\u00f3 akt\u00edv sz\u00e1ml\u00e1val rendelkez\u0151 PayPal a vil\u00e1g t\u00f6bb mint 200 orsz\u00e1g\u00e1ban b\u00e1rki sz\u00e1m\u00e1ra lehet\u0151v\u00e9 teszi, hogy biztons\u00e1gosan, k\u00e9nyelmesen \u00e9s k\u00f6lts\u00e9ghat\u00e9konyan v\u00e1s\u00e1roljon.<\/p><p>El\u0151nye, hogy a PayPal \u2013 hasonl\u00f3an a kereskedelmi bankokhoz \u2013 biztons\u00e1gosan kezeli az inform\u00e1ci\u00f3nkat. Az adatok er\u0151sen titkos\u00edtott rendszerben (SSL, https) vannak kezelve.<\/p><p>A PayPal regisztr\u00e1ci\u00f3val l\u00e9trej\u00f6n PayPal sz\u00e1ml\u00e1ja, amelyhez t\u00e1rs\u00edthatja bankk\u00e1rty\u00e1j\u00e1t (fontos, hogy ennek alkalmasnak kell lennie internetes fizet\u00e9sre), \u00edgy amikor v\u00e1s\u00e1rol az k\u00e1rty\u00e1s fizet\u00e9snek min\u0151s\u00fcl.<\/p><p>Hogy m\u0171k\u00f6dik a fizet\u00e9s?<\/p><p>PayPal fizet\u00e9si lehet\u0151s\u00e9gek:<\/p><ul><li>Amennyiben m\u00e1r rendelkezik PayPal fi\u00f3kkal, a regisztr\u00e1ci\u00f3kor megadott e-mail c\u00edmet \u00e9s jelsz\u00f3t sz\u00fcks\u00e9ges megadni a fizet\u00e9shez. A fi\u00f3kj\u00e1hoz t\u00e1rs\u00edtott bankk\u00e1rty\u00e1val egyenl\u00edthet\u0151 ki az \u00f6sszeg.<\/li><li>Amennyiben nem rendelkezik PayPal regisztr\u00e1ci\u00f3val, az al\u00e1bbi adatokat sz\u00fcks\u00e9ges megadni, \u00edgy a PayPal fizet\u00e9si rendszer\u00e9t haszn\u00e1lva tudja kiegyenl\u00edteni v\u00e1s\u00e1rl\u00e1sa \u00f6sszeg\u00e9t:<ul><li>Country: Az orsz\u00e1g, ahol a bankk\u00e1rty\u00e1t ki\u00e1ll\u00edtott\u00e1k<\/li><li>Card Number: A bankk\u00e1rtya sz\u00e1ma<\/li><li>Expires: A bankk\u00e1rtya lej\u00e1rati ideje hh\/\u00e9\u00e9 sorrendben<\/li><li>CSC: A k\u00e1rtya h\u00e1toldal\u00e1n tal\u00e1lhat\u00f3 h\u00e1romjegy\u0171 biztons\u00e1gi k\u00f3d<\/li><li>First name: Keresztn\u00e9v<\/li><li>Last name: Vezet\u00e9kn\u00e9v<\/li><li>Address line 1: C\u00edm (utca, h\u00e1zsz\u00e1m, ajt\u00f3 stb.)<\/li><li>Address line 2: Nem k\u00f6telez\u0151en kit\u00f6ltend\u0151 mez\u0151<\/li><li>City: V\u00e1ros<\/li><li>State \/ Province \/ Region : \u00c1llam, tartom\u00e1ny, r\u00e9gi\u00f3 (megye)<\/li><li>Postal code: Ir\u00e1ny\u00edt\u00f3sz\u00e1m<\/li><li>Phone number: Telefonsz\u00e1m. (form\u00e1tum pl. +36301234567)<\/li><li>E-mail: Az itt megadott e-mail c\u00edmre \u00e9rkezik a visszaigazol\u00e1s<\/li><li>Password: Jelsz\u00f3. (Abban az esetben sz\u00fcks\u00e9ges megadni, ha regisztr\u00e1lni szeretne.)<\/li><li>Confirm password: Jelsz\u00f3 meger\u0151s\u00edt\u00e9se<\/li><li>Agree &amp; Continue: J\u00f3v\u00e1hagy\u00e1s<\/li><\/ul><\/li><\/ul><p>Tov\u00e1bbi inform\u00e1ci\u00f3k, \u00e9s PayPal regisztr\u00e1ci\u00f3: <a href=\"https:\/\/www.paypal.com\" target=\"_blank\" rel=\"noopener\">www.paypal.com<\/a><\/p><h2>\u00a0<\/h2><h2>11. El\u00e1ll\u00e1s joga<\/h2><p>11.1. Fogyaszt\u00f3nak a Ptk. 8:1. \u00a7 1. bekezd\u00e9s 3. pontja szerint csak\u00a0a szakm\u00e1ja, \u00f6n\u00e1ll\u00f3 foglalkoz\u00e1sa vagy \u00fczleti tev\u00e9kenys\u00e9ge k\u00f6r\u00e9n k\u00edv\u00fcl elj\u00e1r\u00f3 term\u00e9szetes szem\u00e9ly min\u0151s\u00fcl, \u00edgy\u00a0<strong>jogi szem\u00e9lyek nem \u00e9lhetnek az indokol\u00e1s n\u00e9lk\u00fcli el\u00e1ll\u00e1si joggal!<\/strong> A fogyaszt\u00f3t a 45\/2014. (II. 26.) Korm. rendelet 20. \u00a7 szerint megilleti az indokol\u00e1s n\u00e9lk\u00fcli el\u00e1ll\u00e1s joga. A fogyaszt\u00f3 az el\u00e1ll\u00e1si jog\u00e1t<\/p><p style=\"padding-left: 40px;\">a) term\u00e9k ad\u00e1sv\u00e9tel\u00e9re ir\u00e1nyul\u00f3 szerz\u0151d\u00e9s eset\u00e9n<\/p><p style=\"padding-left: 80px;\">aa) a term\u00e9knek,<br \/>ab) t\u00f6bb term\u00e9k ad\u00e1sv\u00e9telekor, ha az egyes term\u00e9kek szolg\u00e1ltat\u00e1sa elt\u00e9r\u0151 id\u0151pontban t\u00f6rt\u00e9nik, az utolj\u00e1ra szolg\u00e1ltatott term\u00e9knek,<\/p><p>a fogyaszt\u00f3 vagy az \u00e1ltala megjel\u00f6lt, a fuvaroz\u00f3t\u00f3l elt\u00e9r\u0151 harmadik szem\u00e9ly \u00e1ltali \u00e1tv\u00e9tel\u00e9nek napj\u00e1t\u00f3l sz\u00e1m\u00edtott hat\u00e1rid\u0151n bel\u00fcl gyakorolhatja, mely hat\u00e1rid\u0151\u00a014\u00a0nap.<\/p><p>A jelen pontban foglaltak nem \u00e9rintik a fogyaszt\u00f3 azon jog\u00e1t, hogy az e pontban meghat\u00e1rozott el\u00e1ll\u00e1si jog\u00e1t a szerz\u0151d\u00e9s megk\u00f6t\u00e9s\u00e9nek napja \u00e9s a term\u00e9k \u00e1tv\u00e9tel\u00e9nek napja k\u00f6z\u00f6tti id\u0151szakban is gyakorolja.<\/p><p>Ha a szerz\u0151d\u00e9s megk\u00f6t\u00e9s\u00e9re a fogyaszt\u00f3 tett aj\u00e1nlatot, a fogyaszt\u00f3t a szerz\u0151d\u00e9s megk\u00f6t\u00e9se el\u0151tt megilleti az aj\u00e1nlat visszavon\u00e1s\u00e1nak joga, ami a szerz\u0151d\u00e9s megk\u00f6t\u00e9s\u00e9re kiterjed\u0151 aj\u00e1nlati k\u00f6t\u00f6tts\u00e9get megsz\u00fcnteti.<\/p><p>\u00a0<\/p><p><strong>11.2. El\u00e1ll\u00e1si nyilatkozat, a fogyaszt\u00f3t megillet\u0151 el\u00e1ll\u00e1si vagy felmond\u00e1si jog gyakorl\u00e1sa<\/strong><\/p><p>A fogyaszt\u00f3 a 45\/2014. (II. 26.) Korm. rendelet 20. \u00a7-ban biztos\u00edtott jog\u00e1t az erre vonatkoz\u00f3 egy\u00e9rtelm\u0171 nyilatkozat \u00fatj\u00e1n, vagy az \u00fcgyf\u00e9lszolg\u00e1lat fel\u00e9 jelzett nyilatkozatt\u00e9tellel gyakorolhatja.<\/p><p>Az el\u00e1ll\u00e1si jogot hat\u00e1rid\u0151ben \u00e9rv\u00e9nyes\u00edtettnek kell tekinteni, ha a fogyaszt\u00f3 nyilatkozat\u00e1t\u00a0hat\u00e1rid\u0151n bel\u00fcl elk\u00fcldi. A hat\u00e1rid\u0151\u00a014\u00a0nap.<\/p><p>A fogyaszt\u00f3t terheli annak bizony\u00edt\u00e1sa, hogy az el\u00e1ll\u00e1s jog\u00e1t e rendelkez\u00e9ssel \u00f6sszhangban gyakorolta.<\/p><p>Az Elad\u00f3 a fogyaszt\u00f3 el\u00e1ll\u00e1si nyilatkozat\u00e1t annak meg\u00e9rkez\u00e9s\u00e9t k\u00f6vet\u0151en k\u00f6teles elektronikus adathordoz\u00f3n halad\u00e9ktalanul visszaigazolni, amennyiben az\u00a0internetes honlapj\u00e1n is biztos\u00edtja a fogyaszt\u00f3 sz\u00e1m\u00e1ra az el\u00e1ll\u00e1si jog gyakorl\u00e1s\u00e1t.<\/p><p>\u00a0<\/p><p><strong>11.2.1. Az Elad\u00f3 k\u00f6telezetts\u00e9gei a fogyaszt\u00f3 el\u00e1ll\u00e1sa eset\u00e9n<\/strong><\/p><ul><li><u>Az Elad\u00f3 visszat\u00e9r\u00edt\u00e9si k\u00f6telezetts\u00e9ge<\/u><\/li><\/ul><p style=\"padding-left: 40px;\">Ha a fogyaszt\u00f3 a 45\/2014. (II. 26.) Korm. rendelet 22. \u00a7-nak megfelel\u0151en el\u00e1ll a szerz\u0151d\u00e9st\u0151l, az Elad\u00f3 legk\u00e9s\u0151bb az el\u00e1ll\u00e1sr\u00f3l val\u00f3 tudom\u00e1sszerz\u00e9s\u00e9t\u0151l sz\u00e1m\u00edtott 14 napon bel\u00fcl visszat\u00e9r\u00edti a fogyaszt\u00f3 \u00e1ltal ellenszolg\u00e1ltat\u00e1sk\u00e9nt megfizetett teljes \u00f6sszeget, ide\u00e9rtve a teljes\u00edt\u00e9ssel \u00f6sszef\u00fcgg\u00e9sben felmer\u00fclt k\u00f6lts\u00e9geket, \u00edgy a sz\u00e1ll\u00edt\u00e1si d\u00edjat is. Felh\u00edvjuk a figyelm\u00e9t, hogy ez a rendelkez\u00e9s nem vonatkozik a legkev\u00e9sb\u00e9 k\u00f6lts\u00e9ges szok\u00e1sos fuvaroz\u00e1si m\u00f3dt\u00f3l elt\u00e9r\u0151 fuvaroz\u00e1si m\u00f3d v\u00e1laszt\u00e1s\u00e1val okozott t\u00f6bbletk\u00f6lts\u00e9gekre.<\/p><ul><li><u>Az Elad\u00f3 visszat\u00e9r\u00edt\u00e9si k\u00f6telezetts\u00e9g\u00e9nek m\u00f3dja<\/u><\/li><\/ul><p style=\"padding-left: 40px;\">A 45\/2014. (II. 26.) Korm. rendelet 22. \u00a7-nak megfelel\u0151 el\u00e1ll\u00e1s vagy felmond\u00e1s eset\u00e9n az Elad\u00f3 a fogyaszt\u00f3nak visszaj\u00e1r\u00f3 \u00f6sszeget a fogyaszt\u00f3 \u00e1ltal ig\u00e9nybe vett fizet\u00e9si m\u00f3ddal megegyez\u0151 m\u00f3don t\u00e9r\u00edti vissza. A fogyaszt\u00f3 kifejezett beleegyez\u00e9se alapj\u00e1n az Elad\u00f3 a visszat\u00e9r\u00edt\u00e9sre m\u00e1s fizet\u00e9si m\u00f3dot is alkalmazhat, de a fogyaszt\u00f3t ebb\u0151l ad\u00f3d\u00f3an semmilyen t\u00f6bbletd\u00edj nem terhelheti. A Fogyaszt\u00f3 \u00e1ltal hib\u00e1san \u00e9s\/vagy pontatlanul megadott banksz\u00e1mlasz\u00e1m vagy postai c\u00edm k\u00f6vetkezt\u00e9ben t\u00f6rt\u00e9n\u0151 k\u00e9sedelem miatt az Elad\u00f3-t felel\u0151ss\u00e9g nem terheli.<\/p><ul><li><u>T\u00f6bbletk\u00f6lts\u00e9gek<\/u><\/li><\/ul><p style=\"padding-left: 40px;\">Ha a fogyaszt\u00f3 kifejezetten a legkev\u00e9sb\u00e9 k\u00f6lts\u00e9ges szok\u00e1sos fuvaroz\u00e1si m\u00f3dt\u00f3l elt\u00e9r\u0151 fuvaroz\u00e1si m\u00f3dot v\u00e1laszt, az Elad\u00f3 nem k\u00f6teles visszat\u00e9r\u00edteni az ebb\u0151l ered\u0151 t\u00f6bbletk\u00f6lts\u00e9geket. Ilyen esetben a felt\u00fcntetett \u00e1ltal\u00e1nos sz\u00e1ll\u00edt\u00e1si d\u00edjt\u00e9telek erej\u00e9ig \u00e1ll fenn visszat\u00e9r\u00edt\u00e9si k\u00f6telezetts\u00e9g\u00fcnk.<\/p><ul><li><u>Visszatart\u00e1si jog<\/u><\/li><\/ul><p style=\"padding-left: 40px;\">Az Elad\u00f3 mindaddig visszatarthatja a fogyaszt\u00f3nak visszaj\u00e1r\u00f3 \u00f6sszeget, am\u00edg a fogyaszt\u00f3 a term\u00e9ket vissza nem szolg\u00e1ltatta, vagy k\u00e9ts\u00e9get kiz\u00e1r\u00f3an nem igazolta, hogy azt visszak\u00fcldte; a kett\u0151 k\u00f6z\u00fcl a kor\u00e1bbi id\u0151pontot kell figyelembe venni. Ut\u00e1nv\u00e9ttel vagy port\u00f3san feladott k\u00fcldem\u00e9nyeket nem \u00e1ll m\u00f3dunkban elfogadni.<\/p><p>\u00a0<\/p><p><strong>11.2.2. A fogyaszt\u00f3 k\u00f6telezetts\u00e9gei el\u00e1ll\u00e1sa vagy felmond\u00e1sa eset\u00e9n<\/strong><\/p><ul><li><u>A term\u00e9k visszaszolg\u00e1ltat\u00e1sa<\/u><\/li><\/ul><p style=\"padding-left: 40px;\">Ha a fogyaszt\u00f3 a 45\/2014. (II. 26.) Korm. rendelet 22. \u00a7-nak megfelel\u0151en el\u00e1ll a szerz\u0151d\u00e9st\u0151l, k\u00f6teles a term\u00e9ket halad\u00e9ktalanul, de legk\u00e9s\u0151bb az el\u00e1ll\u00e1s k\u00f6zl\u00e9s\u00e9t\u0151l sz\u00e1m\u00edtott tizenn\u00e9gy napon bel\u00fcl visszak\u00fcldeni, illetve az Elad\u00f3nak vagy az Elad\u00f3 \u00e1ltal a term\u00e9k \u00e1tv\u00e9tel\u00e9re meghatalmazott szem\u00e9lynek \u00e1tadni. A visszak\u00fcld\u00e9s hat\u00e1rid\u0151ben teljes\u00edtettnek min\u0151s\u00fcl, ha a fogyaszt\u00f3 a term\u00e9ket a hat\u00e1rid\u0151 lej\u00e1rta el\u0151tt elk\u00fcldi.<\/p><ul><li><u>A term\u00e9k visszaszolg\u00e1ltat\u00e1s\u00e1val kapcsolatos k\u00f6lts\u00e9gek visel\u00e9se<\/u><\/li><\/ul><p style=\"padding-left: 40px;\">A fogyaszt\u00f3 viseli a term\u00e9k visszak\u00fcld\u00e9s\u00e9nek k\u00f6lts\u00e9g\u00e9t. A term\u00e9ket az Elad\u00f3 c\u00edm\u00e9re kell visszak\u00fcldeni. Ha a fogyaszt\u00f3 a teljes\u00edt\u00e9s megkezd\u00e9s\u00e9t k\u00f6vet\u0151en felmondja az \u00fczlethelyis\u00e9gen k\u00edv\u00fcl vagy t\u00e1voll\u00e9v\u0151k k\u00f6z\u00f6tt k\u00f6t\u00f6tt &#8211; szolg\u00e1ltat\u00e1s ny\u00fajt\u00e1sra vonatkoz\u00f3 &#8211; szerz\u0151d\u00e9st, k\u00f6teles a felmond\u00e1s v\u00e1llalkoz\u00e1ssal val\u00f3 k\u00f6zl\u00e9se id\u0151pontj\u00e1ig teljes\u00edtett szolg\u00e1ltat\u00e1ssal ar\u00e1nyos d\u00edjat a v\u00e1llalkoz\u00e1s sz\u00e1m\u00e1ra megfizetni. A fogyaszt\u00f3 \u00e1ltal ar\u00e1nyosan fizetend\u0151 \u00f6sszeget a szerz\u0151d\u00e9sben meg\u00e1llap\u00edtott ellenszolg\u00e1ltat\u00e1s ad\u00f3val n\u00f6velt teljes \u00f6sszege alapj\u00e1n kell meg\u00e1llap\u00edtani. Ha a fogyaszt\u00f3 bizony\u00edtja, hogy az ily m\u00f3don meg\u00e1llap\u00edtott teljes \u00f6sszeg t\u00falzottan magas, az ar\u00e1nyos \u00f6sszeget a szerz\u0151d\u00e9s megsz\u0171n\u00e9s\u00e9nek id\u0151pontj\u00e1ig teljes\u00edtett szolg\u00e1ltat\u00e1sok piaci \u00e9rt\u00e9ke alapj\u00e1n kell kisz\u00e1m\u00edtani. K\u00e9rj\u00fck vegye figyelembe, hogy ut\u00e1nv\u00e9ttel vagy port\u00f3san visszak\u00fcld\u00f6tt term\u00e9ket nem \u00e1ll m\u00f3dunkban \u00e1tvenni.<\/p><ul><li><u>Fogyaszt\u00f3 felel\u0151ss\u00e9ge az \u00e9rt\u00e9kcs\u00f6kken\u00e9s\u00e9rt<\/u><\/li><\/ul><p style=\"padding-left: 40px;\">A fogyaszt\u00f3 a term\u00e9k jelleg\u00e9nek, tulajdons\u00e1gainak \u00e9s m\u0171k\u00f6d\u00e9s\u00e9nek meg\u00e1llap\u00edt\u00e1s\u00e1hoz sz\u00fcks\u00e9ges haszn\u00e1latot meghalad\u00f3 haszn\u00e1latb\u00f3l ered\u0151 \u00e9rt\u00e9kcs\u00f6kken\u00e9s\u00e9rt felel.<\/p><p>\u00a0<\/p><p><strong>11.3. Az el\u00e1ll\u00e1si jog az al\u00e1bbi esetekben nem gyakorolhat\u00f3<\/strong><\/p><p>Az Elad\u00f3 kifejezetten felh\u00edvja az \u00d6n figyelm\u00e9t, hogy \u00d6n nem gyakorolhatja el\u00e1ll\u00e1si jog\u00e1t a 45\/2014 (II.26.) Korm. Rendelet 29. \u00a7. (1) bekezd\u00e9s\u00e9ben foglalt esetekben:<\/p><p style=\"padding-left: 40px;\"><em>a)\u00a0<\/em>a szolg\u00e1ltat\u00e1s ny\u00fajt\u00e1s\u00e1ra ir\u00e1nyul\u00f3 szerz\u0151d\u00e9s eset\u00e9ben a szolg\u00e1ltat\u00e1s eg\u00e9sz\u00e9nek teljes\u00edt\u00e9s\u00e9t k\u00f6vet\u0151en, ha a v\u00e1llalkoz\u00e1s a teljes\u00edt\u00e9st a fogyaszt\u00f3 kifejezett, el\u0151zetes beleegyez\u00e9s\u00e9vel kezdte meg, \u00e9s a fogyaszt\u00f3 tudom\u00e1sul vette, hogy a szolg\u00e1ltat\u00e1s eg\u00e9sz\u00e9nek teljes\u00edt\u00e9s\u00e9t k\u00f6vet\u0151en felmond\u00e1si jog\u00e1t elvesz\u00edti;<\/p><p style=\"padding-left: 40px;\"><em>b)\u00a0<\/em>olyan term\u00e9k vagy szolg\u00e1ltat\u00e1s tekintet\u00e9ben, amelynek \u00e1ra, illetve d\u00edja a p\u00e9nzpiac v\u00e1llalkoz\u00e1s \u00e1ltal nem befoly\u00e1solhat\u00f3, az el\u00e1ll\u00e1si jog gyakorl\u00e1s\u00e1ra meghat\u00e1rozott hat\u00e1rid\u0151 alatt is lehets\u00e9ges ingadoz\u00e1s\u00e1t\u00f3l f\u00fcgg;<\/p><p style=\"padding-left: 40px;\"><em>c)\u00a0<\/em>olyan nem el\u0151re gy\u00e1rtott term\u00e9k eset\u00e9ben, amelyet a fogyaszt\u00f3 utas\u00edt\u00e1sa alapj\u00e1n vagy kifejezett k\u00e9r\u00e9s\u00e9re \u00e1ll\u00edtottak el\u0151, vagy olyan term\u00e9k eset\u00e9ben, amelyet egy\u00e9rtelm\u0171en a fogyaszt\u00f3 szem\u00e9ly\u00e9re szabtak;<\/p><p style=\"padding-left: 40px;\"><em>d)\u00a0<\/em>romland\u00f3 vagy min\u0151s\u00e9g\u00e9t r\u00f6vid ideig meg\u0151rz\u0151 term\u00e9k tekintet\u00e9ben;<\/p><p style=\"padding-left: 40px;\"><em>e)\u00a0<\/em>olyan z\u00e1rt csomagol\u00e1s\u00fa term\u00e9k tekintet\u00e9ben, amely eg\u00e9szs\u00e9gv\u00e9delmi vagy higi\u00e9niai okokb\u00f3l az \u00e1tad\u00e1st k\u00f6vet\u0151 felbont\u00e1sa ut\u00e1n nem k\u00fcldhet\u0151 vissza;<\/p><p style=\"padding-left: 40px;\"><em>f)\u00a0<\/em>olyan term\u00e9k tekintet\u00e9ben, amely jelleg\u00e9n\u00e9l fogva az \u00e1tad\u00e1st k\u00f6vet\u0151en elv\u00e1laszthatatlanul vegy\u00fcl m\u00e1s term\u00e9kkel;<\/p><p style=\"padding-left: 40px;\"><em>g)\u00a0<\/em>olyan alkoholtartalm\u00fa ital tekintet\u00e9ben, amelynek t\u00e9nyleges \u00e9rt\u00e9ke a v\u00e1llalkoz\u00e1s \u00e1ltal nem befoly\u00e1solhat\u00f3 m\u00f3don a piaci ingadoz\u00e1sokt\u00f3l f\u00fcgg, \u00e9s amelynek \u00e1r\u00e1r\u00f3l a felek az ad\u00e1sv\u00e9teli szerz\u0151d\u00e9s megk\u00f6t\u00e9sekor \u00e1llapodtak meg, azonban a szerz\u0151d\u00e9s teljes\u00edt\u00e9s\u00e9re csak a megk\u00f6t\u00e9st\u0151l sz\u00e1m\u00edtott harmincadik napot k\u00f6vet\u0151en ker\u00fcl sor;<\/p><p style=\"padding-left: 40px;\"><em>h)\u00a0<\/em>olyan v\u00e1llalkoz\u00e1si szerz\u0151d\u00e9s eset\u00e9ben, amelyn\u00e9l a v\u00e1llalkoz\u00e1s a fogyaszt\u00f3 kifejezett k\u00e9r\u00e9s\u00e9re keresi fel a fogyaszt\u00f3t s\u00fcrg\u0151s jav\u00edt\u00e1si vagy karbantart\u00e1si munk\u00e1latok elv\u00e9gz\u00e9se c\u00e9lj\u00e1b\u00f3l;<\/p><p style=\"padding-left: 40px;\"><em>i)\u00a0<\/em>lez\u00e1rt csomagol\u00e1s\u00fa hang-, illetve k\u00e9pfelv\u00e9tel, valamint sz\u00e1m\u00edt\u00f3g\u00e9pes szoftver p\u00e9ld\u00e1ny\u00e1nak ad\u00e1sv\u00e9tele tekintet\u00e9ben, ha az \u00e1tad\u00e1st k\u00f6vet\u0151en a fogyaszt\u00f3 a csomagol\u00e1st felbontotta;<\/p><p style=\"padding-left: 40px;\"><em>j)\u00a0<\/em>h\u00edrlap, foly\u00f3irat \u00e9s id\u0151szaki lap tekintet\u00e9ben, az el\u0151fizet\u00e9ses szerz\u0151d\u00e9sek kiv\u00e9tel\u00e9vel;<\/p><p style=\"padding-left: 40px;\"><em>k)\u00a0<\/em>nyilv\u00e1nos \u00e1rver\u00e9sen megk\u00f6t\u00f6tt szerz\u0151d\u00e9sek eset\u00e9ben;<\/p><p style=\"padding-left: 40px;\"><em>l)\u00a0<\/em>lak\u00e1sc\u00e9l\u00fa szolg\u00e1ltat\u00e1s kiv\u00e9tel\u00e9vel sz\u00e1ll\u00e1sny\u00fajt\u00e1sra ir\u00e1nyul\u00f3 szerz\u0151d\u00e9s, fuvaroz\u00e1s, szem\u00e9lyg\u00e9pj\u00e1rm\u0171-k\u00f6lcs\u00f6nz\u00e9s, \u00e9tkeztet\u00e9s vagy szabadid\u0151s tev\u00e9kenys\u00e9gekhez kapcsol\u00f3d\u00f3 szolg\u00e1ltat\u00e1sra ir\u00e1nyul\u00f3 szerz\u0151d\u00e9s eset\u00e9ben, ha a szerz\u0151d\u00e9sben meghat\u00e1rozott teljes\u00edt\u00e9si hat\u00e1rnapot vagy hat\u00e1rid\u0151t k\u00f6t\u00f6ttek ki;<\/p><p style=\"padding-left: 40px;\"><em>m)\u00a0<\/em>a nem t\u00e1rgyi adathordoz\u00f3n ny\u00fajtott digit\u00e1lis adattartalom tekintet\u00e9ben, ha a v\u00e1llalkoz\u00e1s a fogyaszt\u00f3 kifejezett, el\u0151zetes beleegyez\u00e9s\u00e9vel kezdte meg a teljes\u00edt\u00e9st, \u00e9s a fogyaszt\u00f3 e beleegyez\u00e9s\u00e9vel egyidej\u0171leg nyilatkozott annak tudom\u00e1sul v\u00e9tel\u00e9r\u0151l, hogy a teljes\u00edt\u00e9s megkezd\u00e9s\u00e9t k\u00f6vet\u0151en elvesz\u00edti az el\u00e1ll\u00e1si jog\u00e1t.<\/p><h2>\u00a0<\/h2><h2>12. Jogfenntart\u00e1s, tulajdonjogi kik\u00f6t\u00e9s<\/h2><p>Amennyiben \u00d6n kor\u00e1bban m\u00e1r \u00fagy rendelt term\u00e9ket, hogy azt a kisz\u00e1ll\u00edt\u00e1s sor\u00e1n nem vette \u00e1t (ide nem \u00e9rtve azt az esetet, amikor el\u00e1ll\u00e1si jog\u00e1val \u00e9lt), vagy a Term\u00e9k nem kereste jelz\u00e9ssel \u00e9rkezett vissza az elad\u00f3hoz, az Elad\u00f3 a megrendel\u00e9s teljes\u00edt\u00e9s\u00e9t a v\u00e9tel\u00e1r \u00e9s a sz\u00e1ll\u00edt\u00e1si k\u00f6lts\u00e9gek el\u0151re t\u00f6rt\u00e9n\u0151 megfizet\u00e9s\u00e9hez k\u00f6ti.<\/p><p>Elad\u00f3 visszatarthatja a Term\u00e9k \u00e1tad\u00e1s\u00e1t, ameddig nem gy\u0151z\u0151dik meg arr\u00f3l, hogy a Term\u00e9k \u00e1r\u00e1nak kifizet\u00e9se sikeresen megt\u00f6rt\u00e9nt az elektronikus fizet\u00e9si megold\u00e1s haszn\u00e1lat\u00e1val (ide\u00e9rtve azt az esetet is, amikor az \u00e1tutal\u00e1ssal fizetett term\u00e9k eset\u00e9n V\u00e1s\u00e1rl\u00f3 a tag\u00e1llama szerinti p\u00e9nznemben utalja el a v\u00e9tel\u00e1rat \u00e9s az \u00e1tv\u00e1lt\u00e1s, valamint a banki jutal\u00e9kok, k\u00f6lts\u00e9gek miatt Elad\u00f3 nem kapja meg teljes m\u00e9rt\u00e9kben a v\u00e9tel\u00e1r \u00e9s a sz\u00e1ll\u00edt\u00e1si d\u00edj \u00f6sszeg\u00e9t). Amennyiben a Term\u00e9k \u00e1ra nem ker\u00fclt teljes m\u00e9rt\u00e9kben kifizet\u00e9sre, az Elad\u00f3 a v\u00e9tel\u00e1r kieg\u00e9sz\u00edt\u00e9s\u00e9re h\u00edvhatja fel a V\u00e1s\u00e1rl\u00f3t.<\/p><h2>\u00a0<\/h2><h2>13. Vegyes rendelkez\u00e9sek<\/h2><p>Ha a jelen \u00c1SZF b\u00e1rmely r\u00e9sze \u00e9rv\u00e9nytelenn\u00e9, jogtalann\u00e1 vagy \u00e9rv\u00e9nyes\u00edthetetlenn\u00e9 v\u00e1lik, az a fennmarad\u00f3 r\u00e9szek \u00e9rv\u00e9nyess\u00e9g\u00e9t, jogszer\u0171s\u00e9g\u00e9t \u00e9s \u00e9rv\u00e9nyes\u00edthet\u0151s\u00e9g\u00e9t nem \u00e9rinti.<\/p><p>Amennyiben T\u00e1rsas\u00e1g az \u00c1SZF alapj\u00e1n megillet\u0151 jog\u00e1t nem gyakorolja, a joggyakorl\u00e1s elmulaszt\u00e1sa nem tekinthet\u0151 az adott jogr\u00f3l val\u00f3 lemond\u00e1snak. B\u00e1rmilyen jogr\u00f3l t\u00f6rt\u00e9n\u0151 lemond\u00e1s csak az erre vonatkoz\u00f3 kifejezett \u00edr\u00e1sbeli nyilatkozat eset\u00e9n \u00e9rv\u00e9nyes. Az, hogy a T\u00e1rsas\u00e1g egy alkalommal nem ragaszkodik szigor\u00faan a \u00c1SZF valamely l\u00e9nyegi felt\u00e9tel\u00e9hez vagy kik\u00f6t\u00e9s\u00e9hez, nem jelenti azt, hogy lemond arr\u00f3l, hogy a k\u00e9s\u0151bbiekben ragaszkodjon az adott felt\u00e9tel vagy kik\u00f6t\u00e9s szigor\u00fa betart\u00e1s\u00e1hoz.<\/p><p>A webshopon kereszt\u00fcl t\u00f6rt\u00e9n\u0151 v\u00e1s\u00e1rl\u00e1s felt\u00e9telezi a Megrendel\u0151 r\u00e9sz\u00e9r\u0151l az internet lehet\u0151s\u00e9geinek \u00e9s korl\u00e1tainak ismeret\u00e9t \u00e9s elfogad\u00e1s\u00e1t. A Megrendel\u0151 tudom\u00e1sul veszi, hogy a b\u00f6ng\u00e9sz\u00e9ssel \u00e9s a v\u00e1s\u00e1rl\u00e1ssal kapcsolatos esetleges kock\u00e1zatokat saj\u00e1t mag\u00e1nak kell felm\u00e9rnie, illet\u0151leg mag\u00e1nak kell gondoskodni a sz\u00e1m\u00edt\u00f3g\u00e9pe biztons\u00e1gos haszn\u00e1lat\u00e1r\u00f3l \u00e9s az azon t\u00e1rolt adatok v\u00e9delm\u00e9r\u0151l.<\/p><p>A T\u00e1rsas\u00e1g nem felel a vis maiorb\u00f3l ered\u0151, vagy egy\u00e9b, az ir\u00e1ny\u00edt\u00e1s\u00e1n k\u00edv\u00fcl es\u0151 esem\u00e9nyek ok\u00e1n bek\u00f6vetkez\u0151 k\u00e1rok\u00e9rt, ide\u00e9rtve, de nem kiz\u00e1r\u00f3lagosan<\/p><ul><li>a weboldal haszn\u00e1lat\u00e1b\u00f3l, vagy \u00fczemzavar\u00e1b\u00f3l,<\/li><li>az adatok b\u00e1rki \u00e1ltal t\u00f6rt\u00e9n\u0151 megv\u00e1ltoztat\u00e1s\u00e1b\u00f3l,<\/li><li>az inform\u00e1ci\u00f3tov\u00e1bb\u00edt\u00e1si k\u00e9sedelemb\u0151l ad\u00f3d\u00f3,<\/li><li>v\u00edrusok okozta,<\/li><li>szoftverhib\u00e1b\u00f3l, internetes h\u00e1l\u00f3zat hib\u00e1j\u00e1b\u00f3l, egy\u00e9b technikai jelleg\u0171 hib\u00e1b\u00f3l ered\u0151,<\/li><li>vonal, vagy rendszerhib\u00e1b\u00f3l ad\u00f3d\u00f3 k\u00e1rok\u00e9rt.<\/li><li>A T\u00e1rsas\u00e1got semmilyen felel\u0151ss\u00e9g nem terheli, amennyiben a sz\u00e1ll\u00edt\u00e1si k\u00e9sedelem, illetve egy\u00e9b probl\u00e9ma vagy hiba a Megrendel\u0151 \u00e1ltal pontatlanul \u00e9s\/vagy hib\u00e1san megadott adatok miatt k\u00f6vetkezik be.<\/li><\/ul><p>A T\u00e1rsas\u00e1g minden felel\u0151ss\u00e9get kiz\u00e1r a honlap haszn\u00e1l\u00f3i \u00e1ltal tan\u00fas\u00edtott magatart\u00e1sok\u00e9rt.<\/p><p>T\u00e1rsas\u00e1g \u00e9s Megrendel\u0151 vit\u00e1s \u00fcgyeiket b\u00e9k\u00e9s \u00faton pr\u00f3b\u00e1lj\u00e1k rendezni.<\/p><h2>\u00a0<\/h2><h2>14. Panaszkezel\u00e9s rendje<\/h2><p>\u00c1ruh\u00e1zunk c\u00e9lja, hogy valamennyi megrendel\u00e9st megfelel\u0151 min\u0151s\u00e9gben, a megrendel\u0151 teljes megel\u00e9gedetts\u00e9ge mellett teljes\u00edtsen. Amennyiben a Megrendel\u0151nek m\u00e9gis valamilyen panasza van a szerz\u0151d\u00e9ssel vagy annak teljes\u00edt\u00e9s\u00e9vel kapcsolatban, \u00fagy panasz\u00e1t a fenti e-mail c\u00edmen, vagy lev\u00e9l \u00fatj\u00e1n is k\u00f6z\u00f6lheti.<\/p><p>T\u00e1rsas\u00e1gunk a sz\u00f3beli panaszt azonnal megvizsg\u00e1lja, \u00e9s sz\u00fcks\u00e9g szerint orvosolja. Ha a Megrendel\u0151 a panasz kezel\u00e9s\u00e9vel nem \u00e9rt egyet, a T\u00e1rsas\u00e1g a panaszr\u00f3l \u00e9s az azzal kapcsolatos \u00e1ll\u00e1spontj\u00e1r\u00f3l halad\u00e9ktalanul jegyz\u0151k\u00f6nyvet vesz fel, \u00e9s annak egy m\u00e1solati p\u00e9ld\u00e1ny\u00e1t \u00e1tadja a Megrendel\u0151nek. Ha a panasz azonnali kivizsg\u00e1l\u00e1sa nem lehets\u00e9ges, a T\u00e1rsas\u00e1g a panaszr\u00f3l jegyz\u0151k\u00f6nyvet vesz fel, s annak egy m\u00e1solati p\u00e9ld\u00e1ny\u00e1t \u00e1tadja a Megrendel\u0151nek.<\/p><p>A panaszt a Megrendel\u0151 a <a href=\"mailto:contact@calendulapharma.com\">contact@calendulapharma.com<\/a> e-mail c\u00edmen, illetve a\u00a08653 \u00c1d\u00e1nd, Dar\u00e1zsi utca 3. postac\u00edmre megk\u00fcld\u00f6tt postai lev\u00e9lk\u00fcldem\u00e9ny form\u00e1j\u00e1ban k\u00f6z\u00f6lheti. A Sz\u00e1ll\u00edt\u00f3 a vev\u0151i panaszt 30 napon bel\u00fcl megvizsg\u00e1lja \u00e9s annak eredm\u00e9ny\u00e9r\u0151l, valamint a jogorvoslati lehet\u0151s\u00e9gekr\u0151l \u00edr\u00e1sban t\u00e1j\u00e9koztatja a Vev\u0151t. A v\u00e1lasz m\u00e1solati p\u00e9ld\u00e1ny\u00e1t 3 \u00e9vig meg\u0151rzi, s azt az ellen\u0151rz\u0151 hat\u00f3s\u00e1goknak k\u00e9r\u00e9s\u00fckre bemutatja.<\/p><h2>\u00a0<\/h2><h2>15. Szerz\u0151i jogok<\/h2><p>Miut\u00e1n a <a href=\"https:\/\/calendulapharma.com\">https:\/\/calendulapharma.com<\/a> mint weboldal szerz\u0151i jogi m\u0171nek min\u0151s\u00fcl, tilos a https:\/\/calendulapharma.com weboldalon megjelen\u0151 tartalmak vagy azok b\u00e1rmely r\u00e9szlet\u00e9nek let\u00f6lt\u00e9se (t\u00f6bbsz\u00f6r\u00f6z\u00e9se), \u00fajra nyilv\u00e1noss\u00e1ghoz t\u00f6rt\u00e9n\u0151 k\u00f6zvet\u00edt\u00e9se, m\u00e1s m\u00f3don val\u00f3 felhaszn\u00e1l\u00e1sa, elektronikus t\u00e1rol\u00e1sa, feldolgoz\u00e1sa \u00e9s \u00e9rt\u00e9kes\u00edt\u00e9se a T\u00e1rsas\u00e1g \u00edr\u00e1sos hozz\u00e1j\u00e1rul\u00e1sa n\u00e9lk\u00fcl.<\/p><p>A https:\/\/www. calendulapharma.com weboldalr\u00f3l \u00e9s annak adatb\u00e1zis\u00e1b\u00f3l b\u00e1rmilyen anyagot \u00e1tvenni \u00edr\u00e1sos hozz\u00e1j\u00e1rul\u00e1s eset\u00e9n is csak az adott weboldalra val\u00f3 hivatkoz\u00e1ssal lehet.<\/p><p>A T\u00e1rsas\u00e1g fenntartja minden jog\u00e1t szolg\u00e1ltat\u00e1s\u00e1nak valamennyi elem\u00e9re, a domain-neveire, az azokkal k\u00e9pzett m\u00e1sodlagos domain nevekre, valamint az internetes rekl\u00e1mfel\u00fcleteire.<\/p><p>Tilos a weboldal tartalm\u00e1nak, illetve egyes r\u00e9szeinek adapt\u00e1ci\u00f3ja vagy visszafejt\u00e9se; a Megrendel\u0151i azonos\u00edt\u00f3k \u00e9s jelszavak tisztess\u00e9gtelen m\u00f3don t\u00f6rt\u00e9n\u0151 l\u00e9tes\u00edt\u00e9se; b\u00e1rmely olyan alkalmaz\u00e1s haszn\u00e1lata, amellyel a weboldalon vagy annak b\u00e1rmely r\u00e9sze m\u00f3dos\u00edthat\u00f3 vagy indexelhet\u0151.<\/p><h2>\u00a0<\/h2><h2>16. Adatv\u00e9delem<\/h2><p>A weboldal adatkezel\u00e9si t\u00e1j\u00e9koztat\u00f3ja el\u00e9rhet\u0151 a k\u00f6vetkez\u0151 oldalon: https:\/\/calendulapharma.com\/adatkezelesi-tajekoztato\/<\/p><p>\u00a0<\/p><h2>17. Vonatkoz\u00f3 jogszab\u00e1lyok<\/h2><p>A Szerz\u0151d\u00e9sre a magyar jog el\u0151\u00edr\u00e1sai az ir\u00e1nyad\u00f3ak, \u00e9s k\u00fcl\u00f6n\u00f6sen az al\u00e1bbi jogszab\u00e1lyok vonatkoznak:<\/p><ul><li>1997. \u00e9vi CLV. t\u00f6rv\u00e9ny a fogyaszt\u00f3v\u00e9delemr\u0151l<\/li><li>2001. \u00e9vi CVIII. t\u00f6rv\u00e9ny az elektronikus kereskedelmi szolg\u00e1ltat\u00e1sok, valamint az inform\u00e1ci\u00f3s t\u00e1rsadalommal \u00f6sszef\u00fcgg\u0151 szolg\u00e1ltat\u00e1sok egyes k\u00e9rd\u00e9seir\u0151l<\/li><li>2013. \u00e9vi V. t\u00f6rv\u00e9ny a Polg\u00e1ri T\u00f6rv\u00e9nyk\u00f6nyvr\u0151l<\/li><li>151\/2003. (IX.22.) korm\u00e1nyrendelet a tart\u00f3s fogyaszt\u00e1si cikkekre vonatkoz\u00f3 k\u00f6telez\u0151 j\u00f3t\u00e1ll\u00e1sr\u00f3l<\/li><li>45\/2014. (II.26.) korm\u00e1nyrendelet a fogyaszt\u00f3 \u00e9s a v\u00e1llalkoz\u00e1s k\u00f6z\u00f6tti szerz\u0151d\u00e9sek r\u00e9szletes szab\u00e1lyair\u00f3l<\/li><li>19\/2014. (IV.29.) NGM rendelet a fogyaszt\u00f3 \u00e9s v\u00e1llalkoz\u00e1s k\u00f6z\u00f6tti szerz\u0151d\u00e9s keret\u00e9ben eladott dolgokra vonatkoz\u00f3 szavatoss\u00e1gi \u00e9s j\u00f3t\u00e1ll\u00e1si ig\u00e9nyek int\u00e9z\u00e9s\u00e9nek elj\u00e1r\u00e1si szab\u00e1lyair\u00f3l<\/li><li>1999. \u00e9vi LXXVI. t\u00f6rv\u00e9ny a szerz\u0151i jogr\u00f3l2011. \u00e9vi CXII. t\u00f6rv\u00e9ny az inform\u00e1ci\u00f3s \u00f6nrendelkez\u00e9si jogr\u00f3l \u00e9s az inform\u00e1ci\u00f3szabads\u00e1gr\u00f3l<\/li><li>AZ EUR\u00d3PAI PARLAMENT \u00c9S A TAN\u00c1CS (EU) 2018\/302 RENDELETE (2018. febru\u00e1r 28.) a bels\u0151 piacon bel\u00fcl a vev\u0151 \u00e1llampolg\u00e1rs\u00e1ga, lak\u00f3helye vagy leteleped\u00e9si helye alapj\u00e1n t\u00f6rt\u00e9n\u0151 indokolatlan ter\u00fcleti alap\u00fa tartalomkorl\u00e1toz\u00e1ssal \u00e9s a megk\u00fcl\u00f6nb\u00f6ztet\u00e9s egy\u00e9b form\u00e1ival szembeni fell\u00e9p\u00e9sr\u0151l, valamint a 2006\/2004\/EK \u00e9s az (EU) 2017\/2394 rendelet, tov\u00e1bb\u00e1 a 2009\/22\/EK ir\u00e1nyelv m\u00f3dos\u00edt\u00e1s\u00e1r\u00f3l<\/li><li>AZ EUR\u00d3PAI PARLAMENT \u00c9S A TAN\u00c1CS (EU) 2016\/679 RENDELETE (2016. \u00e1prilis 27.) a term\u00e9szetes szem\u00e9lyeknek a szem\u00e9lyes adatok kezel\u00e9se tekintet\u00e9ben t\u00f6rt\u00e9n\u0151 v\u00e9delm\u00e9r\u0151l \u00e9s az ilyen adatok szabad \u00e1raml\u00e1s\u00e1r\u00f3l, valamint a 95\/46\/EK rendelet hat\u00e1lyon k\u00edv\u00fcl helyez\u00e9s\u00e9r\u0151l (\u00e1ltal\u00e1nos adatv\u00e9delmi rendelet)<\/li><\/ul><p>Jelen \u00c1SZF hat\u00e1lyba l\u00e9p\u00e9s\u00e9nek id\u0151pontja: 2023. 04. 20.<\/p>\t\t\t\t\t\t\t\t<\/div>\n\t\t\t\t\t<\/div>\n\t\t\t\t<\/div>\n\t\t\t\t<\/div>\n\t\t","protected":false},"excerpt":{"rendered":"<p>\u00c1ltal\u00e1nos Szerz\u0151d\u00e9si Felt\u00e9telek \u00a0 CALENDULAPHARMA.COM Jelen \u00c1SZF hat\u00e1lya a https:\/\/calendulapharma.com weboldalra \u00e9s jogviszonyaira terjed ki, s ugyanitt folyamatosan el\u00e9rhet\u0151. K\u00e9rj\u00fck, hogy megrendel\u00e9se v\u00e9gleges\u00edt\u00e9se el\u0151tt figyelmesen olvassa el a jelen dokumentumot, mert megrendel\u00e9se v\u00e9gleges\u00edt\u00e9s\u00e9vel \u00d6n elfogadja a jelen \u00c1SZF tartalm\u00e1t! Ha a jelen \u00c1ltal\u00e1nos Szerz\u0151d\u00e9si Felt\u00e9telekkel, a honlap haszn\u00e1lat\u00e1val, az egyes term\u00e9kekkel, a v\u00e1s\u00e1rl\u00e1s menet\u00e9vel kapcsolatban [&hellip;]<\/p>\n","protected":false},"author":8,"featured_media":0,"parent":0,"menu_order":0,"comment_status":"closed","ping_status":"closed","template":"","meta":{"_acf_changed":false,"_monsterinsights_skip_tracking":false,"_monsterinsights_sitenote_active":false,"_monsterinsights_sitenote_note":"","_monsterinsights_sitenote_category":0,"footnotes":""},"class_list":["post-7679","page","type-page","status-publish","hentry"],"acf":[],"_links":{"self":[{"href":"https:\/\/calendulapharma.com\/sk\/wp-json\/wp\/v2\/pages\/7679","targetHints":{"allow":["GET"]}}],"collection":[{"href":"https:\/\/calendulapharma.com\/sk\/wp-json\/wp\/v2\/pages"}],"about":[{"href":"https:\/\/calendulapharma.com\/sk\/wp-json\/wp\/v2\/types\/page"}],"author":[{"embeddable":true,"href":"https:\/\/calendulapharma.com\/sk\/wp-json\/wp\/v2\/users\/8"}],"replies":[{"embeddable":true,"href":"https:\/\/calendulapharma.com\/sk\/wp-json\/wp\/v2\/comments?post=7679"}],"version-history":[{"count":25,"href":"https:\/\/calendulapharma.com\/sk\/wp-json\/wp\/v2\/pages\/7679\/revisions"}],"predecessor-version":[{"id":25167,"href":"https:\/\/calendulapharma.com\/sk\/wp-json\/wp\/v2\/pages\/7679\/revisions\/25167"}],"wp:attachment":[{"href":"https:\/\/calendulapharma.com\/sk\/wp-json\/wp\/v2\/media?parent=7679"}],"curies":[{"name":"wp","href":"https:\/\/api.w.org\/{rel}","templated":true}]}}